{"id":22991,"date":"2024-03-16T13:31:10","date_gmt":"2024-03-16T11:31:10","guid":{"rendered":"https:\/\/www.ppcenergy.ro\/panouri-fotovoltaice\/"},"modified":"2025-09-03T14:56:15","modified_gmt":"2025-09-03T11:56:15","slug":"napelemek","status":"publish","type":"page","link":"https:\/\/www.ppcenergy.ro\/hu\/kozintezmenyek\/napelemek\/","title":{"rendered":"Fotovoltaikus panelek"},"content":{"rendered":"<section id=\"\" class=\"block-top-product \">\n    <div class='top-product'>\n                <div class=\"full-slide  gradientproduct  articles left slider-type-gradinetimage\">\n                                        <div\n                    class='gradient desktop topright neongreen  four_per_row'>\n                    <div class='line line1'><\/div>\n                    <div class='line line2'><\/div>\n                    <div class='line line3'><\/div>\n                    <div class='line line4'><\/div>\n                                                        <\/div>\n                                                            <div class=\"product-image topright neongreen\">\n                        <img loading=\"lazy\" decoding=\"async\" width=\"1024\" height=\"683\" src=\"https:\/\/www.ppcenergy.ro\/wp-content\/uploads\/institutii-hp-2.webp?w=1024\" class=\"attachment-gradientproduct size-gradientproduct\" alt=\"\" srcset=\"https:\/\/www.ppcenergy.ro\/wp-content\/uploads\/institutii-hp-2.webp 8640w, https:\/\/www.ppcenergy.ro\/wp-content\/uploads\/institutii-hp-2.webp?resize=300,200 300w, https:\/\/www.ppcenergy.ro\/wp-content\/uploads\/institutii-hp-2.webp?resize=768,512 768w, https:\/\/www.ppcenergy.ro\/wp-content\/uploads\/institutii-hp-2.webp?resize=1024,683 1024w, https:\/\/www.ppcenergy.ro\/wp-content\/uploads\/institutii-hp-2.webp?resize=1536,1024 1536w, https:\/\/www.ppcenergy.ro\/wp-content\/uploads\/institutii-hp-2.webp?resize=2048,1365 2048w, https:\/\/www.ppcenergy.ro\/wp-content\/uploads\/institutii-hp-2.webp?resize=75,50 75w\" sizes=\"auto, (max-width: 1024px) 100vw, 1024px\" \/>                    <\/div>\n                \n                                        <div class=\"product-textbox  text-color-black\">\n                                            <div\n                            class='gradient mobile topright neongreen  four_per_row'>\n                            <div class='line line1'><\/div>\n                            <div class='line line2'><\/div>\n                            <div class='line line3'><\/div>\n                            <div class='line line4'><\/div>\n                                                                                <\/div>\n                    \n                                            <div class=\"logo-title\">\n                                                            <div class=\"product-slider-logo\">\n                                    <img loading=\"lazy\" decoding=\"async\" width=\"2000\" height=\"50\" src=\"https:\/\/www.ppcenergy.ro\/wp-content\/uploads\/logo.svg?w=2000\" class=\"attachment-product-slider-logo size-product-slider-logo\" alt=\"\" \/>                                <\/div>\n                                                                                        <div>\n                                    <p>K\u00f6zint\u00e9zm\u00e9nyek<\/p>\n                                <\/div>\n                                                    <\/div>\n                                                                                    <h2 class=\"title\">\n                        Energiahat\u00e9kony \u00e9p\u00fcletek fotovoltaikus panelekkel                        <\/h2>\n                                                                                    <div class=\"text\">\n                            <p><p>A fotovoltaikus panelek seg\u00edts\u00e9g\u00e9vel n\u00f6velheti a felhaszn\u00e1lt meg\u00fajul\u00f3 energia ar\u00e1ny\u00e1t, \u00e9s cs\u00f6kkentheti a k\u00f6rnyezetszennyez\u00e9st.<\/p>\n<\/p>\n                        <\/div>\n                                                                                \n                                            <a class=\"global-button global-button-border-black\" href=\"#form\"\n                           title=\"Aj\u00e1nlatk\u00e9r\u00e9s\" target=\"_self\">\n                               Aj\u00e1nlatk\u00e9r\u00e9s                        <\/a>\n                                                        <\/div>\n                    <\/div>\n    <\/div>\n<\/section>\n\n<section id=\"\" class=\"block-breadcrumbs\">\n    <ul id=\"breadcrumbs\" itemprop=\"breadcrumb\" class=\"breadcrumbs\"><li><a rel=\"home\" href=\"https:\/\/www.ppcenergy.ro\/hu\/\"><span class=\"logo-breadcrumbs\"><\/span><\/a><\/li><\/ul><\/section>\n\n\n<div style=\"height:32px\" aria-hidden=\"true\" class=\"wp-block-spacer\"><\/div>\n\n\n\n<div class=\"wp-block-columns is-layout-flex wp-container-core-columns-is-layout-28f84493 wp-block-columns-is-layout-flex\">\n<div class=\"wp-block-column is-layout-flow wp-block-column-is-layout-flow\" style=\"flex-basis:66.66%\">\n<h1 class=\"wp-block-heading\" id=\"h-hogyan-legyenek-energiahatekony-epuletek-fotovoltaikus-panelekkel\">Hogyan legyenek energiahat\u00e9kony \u00e9p\u00fcletek fotovoltaikus panelekkel<\/h1>\n\n\n\n<p>Az emberek fenntarthat\u00f3 fejl\u0151d\u00e9sbe vetett bizalm\u00e1t a k\u00f6zint\u00e9zm\u00e9nyek energiatudatoss\u00e1ga is er\u0151s\u00edti. Iskol\u00e1k, k\u00f3rh\u00e1zak, irod\u00e1k, a polg\u00e1rok k\u00f6z\u00f6ss\u00e9gi helyis\u00e9gei &#8211; mind fenntarthat\u00f3bb\u00e1 v\u00e1lhatnak. Ugyan\u00edgy azok az irodahelyis\u00e9gek is, ahol az emberek mindennapi munk\u00e1jukat v\u00e9gzik.<\/p>\n\n\n    <section id=\"\" class=\"block-benefits aside-title-block\">\n                    <h3 class=\"title-aside\">A fotovoltaikus napelemek el\u0151nyei<\/h3>\n                            <div class=\"list-aside benefits-list\">\n                                    <div class=\"benefit\">\n                                                                            <div class=\"text-benefit\">\u00d6n\u00e1ll\u00f3s\u00e1g a villamosenergia-termel\u00e9sben.<\/div>\n                                            <\/div>\n                                    <div class=\"benefit\">\n                                                                            <div class=\"text-benefit\">Fokozott rugalmass\u00e1g \u00e9s energiaf\u00fcggetlens\u00e9g.<\/div>\n                                            <\/div>\n                                    <div class=\"benefit\">\n                                                                            <div class=\"text-benefit\">Felel\u0151ss\u00e9gteljes identit\u00e1s kialak\u00edt\u00e1sa a piacon a sz\u00e9nl\u00e1bnyom cs\u00f6kkent\u00e9s\u00e9ben val\u00f3 r\u00e9szv\u00e9telnek k\u00f6sz\u00f6nhet\u0151en.<\/div>\n                                            <\/div>\n                                    <div class=\"benefit\">\n                                                                            <div class=\"text-benefit\">Alacsonyabb villamosenergia-k\u00f6lts\u00e9gek, v\u00e9gs\u0151 soron magasabb nyeres\u00e9g.<\/div>\n                                            <\/div>\n                                    <div class=\"benefit\">\n                                                                            <div class=\"text-benefit\">Nemzetk\u00f6zi min\u0151s\u00edt\u00e9sek megszerz\u00e9s\u00e9nek lehet\u0151s\u00e9ge, ami egy\u00e9rtelm\u0171 el\u0151ny az \u00fcgyfelekkel \u00e9s \u00fczleti partnerekkel val\u00f3 kapcsolattart\u00e1s sor\u00e1n.<\/div>\n                                            <\/div>\n                            <\/div>\n            <\/section>\n\n\n\n<h4 class=\"wp-block-heading\" id=\"h-mi-az-energiahatekony-epulet\">Mi az energiahat\u00e9kony \u00e9p\u00fclet?<\/h4>\n\n\n\n<p>Az int\u00e9zm\u00e9nyi \u00e9s \u00fczleti \u00e9p\u00fcletek energiahat\u00e9konys\u00e1ga n\u00f6velni fogja az emberek bizalm\u00e1t a k\u00f6z- \u00e9s mag\u00e1nszolg\u00e1ltat\u00e1si szektor fenntarthat\u00f3 fejl\u0151d\u00e9s\u00e9ben.<\/p>\n\n\n\n<p>Az \u00e9p\u00fcletek energiahat\u00e9konys\u00e1ga az intelligens v\u00e1rosok egyik kulcsfontoss\u00e1g\u00fa szempontja. A PPC innovat\u00edv cs\u00facstechnol\u00f3giai szolg\u00e1ltat\u00e1sokat k\u00edn\u00e1l e c\u00e9lb\u00f3l. Napjainkban a lak\u00f3-, kereskedelmi \u00e9s k\u00f6z\u00e9p\u00fcletek gyakran energiahi\u00e1nyosak a f\u0171t\u00e9si ig\u00e9ny (f\u0171t\u00e9s \u00e9s melegv\u00edz) \u00e9s a villamosenergia-felhaszn\u00e1l\u00e1s (vil\u00e1g\u00edt\u00e1s, l\u00e9gkondicion\u00e1l\u00e1s) tekintet\u00e9ben. Ennek k\u00f6vetkezt\u00e9ben t\u00e9len \u00e9s ny\u00e1ron gyakran nagy h\u0151vesztes\u00e9get szenvednek el. Itt az ideje, hogy felgyors\u00edtsuk az energetikai \u00e1t\u00e1ll\u00e1st, \u00e9s a k\u00f6z- \u00e9s mag\u00e1n\u00e9p\u00fcletek mindenki sz\u00e1m\u00e1ra jelezhetik a felel\u0151s energiafogyaszt\u00e1s \u00faj korszak\u00e1t.<\/p>\n<\/div>\n\n\n\n<div class=\"wp-block-column is-layout-flow wp-block-column-is-layout-flow\" style=\"flex-basis:33.33%\"><\/div>\n<\/div>\n\n\n    <section id=\"\" class=\"block-carousel background-color- is-style-without\">\n        <div class=\"gradient gradient-global  \">\n            <div class='line line1' style=\"\"><\/div>\n            <div class='line line2' style=\"\"><\/div>\n            <div class='line line3' style=\"\"><\/div>\n            <div class='line line4' style=\"\"><\/div>\n            <div class='line line5' style=\"\"><\/div>\n            <div class='line line6' style=\"\"><\/div>\n            <div class='line line7' style=\"\"><\/div>\n            <div class='line line8' style=\"\"><\/div>\n            <div class='line line9' style=\"\"><\/div>\n            <div class='line line10' style=\"\"><\/div>\n            <div class='line line11' style=\"\"><\/div>\n        <\/div>\n        <div class=\"pull-wrapper\">\n            <div class=\"upper-slider container-pull\">\n                                    <h2 class=\"title\">\n                        Mely k\u00f6z\u00e9p\u00fcletek lehetnek energiahat\u00e9konyak?                    <\/h2>\n                                <\/div>\n                            <div class=\"text\">\n                    <p>A fotovoltaikus panelekkel energiahat\u00e9konyabb\u00e1 tehet\u0151 k\u00f6z\u00e9p\u00fcletek k\u00f6z\u00e9 tartoznak a k\u00f6vetkez\u0151k:<\/p>\n                <\/div>\n                    <\/div>\n        <div class='carousel-global pull-wrapper carousel-list'\n             data-slide-per-row=\"4\">\n                                 <div class=\"carousel-slide four_per_row\">\n                                                                <div class=\"text-carousel\">\n                                                            <h3 class=\"title\">\n                                    Korm\u00e1nyhivatalok                                <\/h3>\n                                                                                        <div class=\"text\">\n                                    <p>Az energia\u00e1talak\u00edt\u00e1s c\u00e9lpontjai a helyi vagy region\u00e1lis korm\u00e1nyhivatalok \u00e9s az ad\u00f3fizet\u0151i k\u00f6zpontok.<\/p>\n                                <\/div>\n                                                    <\/div>\n                                                        <\/div>\n                                <div class=\"carousel-slide four_per_row\">\n                                                                <div class=\"text-carousel\">\n                                                            <h3 class=\"title\">\n                                    K\u00f6z\u00fczemi ter\u00fcletek                                <\/h3>\n                                                                                        <div class=\"text\">\n                                    <p>A stadionok, kultur\u00e1lis \u00e9s ifj\u00fas\u00e1gi k\u00f6zpontok, nyilv\u00e1nos uszod\u00e1k \u00e9s egy\u00e9b szabadid\u0151s ter\u00fcletek szint\u00e9n lehet\u0151s\u00e9get k\u00edn\u00e1lnak a hat\u00e9konys\u00e1gra.<\/p>\n                                <\/div>\n                                                    <\/div>\n                                                        <\/div>\n                                <div class=\"carousel-slide four_per_row\">\n                                                                <div class=\"text-carousel\">\n                                                            <h3 class=\"title\">\n                                    Oktat\u00e1si int\u00e9zm\u00e9nyek                                <\/h3>\n                                                                                        <div class=\"text\">\n                                    <p>Az iskol\u00e1k, f\u0151iskol\u00e1k, egyetemek, kampuszok, kutat\u00f3k\u00f6zpontok \u00e9s laborat\u00f3riumok az energiahat\u00e9konys\u00e1gi v\u00e1ltoz\u00e1sok m\u00e9rf\u00f6ldk\u00f6vei lehetnek.<\/p>\n                                <\/div>\n                                                    <\/div>\n                                                        <\/div>\n                                <div class=\"carousel-slide four_per_row\">\n                                                                <div class=\"text-carousel\">\n                                                            <h3 class=\"title\">\n                                    Eg\u00e9szs\u00e9g\u00fcgyi terek\/szolg\u00e1ltat\u00e1sok                                <\/h3>\n                                                                                        <div class=\"text\">\n                                    <p>Az emberek \u00e9s a term\u00e9szet eg\u00e9szs\u00e9ge a l\u00e9gszennyez\u00e9s cs\u00f6kkent\u00e9s\u00e9t is jelenti. A k\u00f3rh\u00e1zak \u00e9s klinik\u00e1k fenntarthat\u00f3 k\u00f6z\u00e9p\u00fcletekk\u00e9 v\u00e1lhatnak.<\/p>\n                                <\/div>\n                                                    <\/div>\n                                                        <\/div>\n                        <\/div>\n            <\/section>\n\n\n<section id=\"form\" class=\"block-formularofertasite background-color-\">\n    <div class=\"gradient gradient-global  \">\n         <div class='line line1' style=\"background:linear-gradient(0deg,rgba(250,250,250,0) 24%,rgb(0,220,85) 97%)\"><\/div>\n            <div class='line line2' style=\"background:linear-gradient(0deg,rgba(250,250,250,0) 24%,rgb(0,220,85) 97%)\"><\/div>\n            <div class='line line3' style=\"background:linear-gradient(0deg,rgba(250,250,250,0) 24%,rgb(0,220,85) 97%)\"><\/div>\n            <div class='line line4' style=\"background:linear-gradient(0deg,rgba(250,250,250,0) 24%,rgb(0,220,85) 97%)\"><\/div>\n            <div class='line line5' style=\"background:linear-gradient(0deg,rgba(250,250,250,0) 24%,rgb(0,220,85) 97%)\"><\/div>\n            <div class='line line6' style=\"background:linear-gradient(0deg,rgba(250,250,250,0) 24%,rgb(0,220,85) 97%)\"><\/div>\n            <div class='line line7' style=\"background:linear-gradient(0deg,rgba(250,250,250,0) 24%,rgb(0,220,85) 97%)\"><\/div>\n            <div class='line line8' style=\"background:linear-gradient(0deg,rgba(250,250,250,0) 24%,rgb(0,220,85) 97%)\"><\/div>\n            <div class='line line9' style=\"background:linear-gradient(0deg,rgba(250,250,250,0) 24%,rgb(0,220,85) 97%)\"><\/div>\n            <div class='line line10' style=\"background:linear-gradient(0deg,rgba(250,250,250,0) 24%,rgb(0,220,85) 97%)\"><\/div>\n            <div class='line line11' style=\"background:linear-gradient(0deg,rgba(250,250,250,0) 24%,rgb(0,220,85) 97%)\"><\/div>\n    <\/div>\n    <div class=\"pull-wrapper\">\n                <!-- Form Title -->\n                    <div class=\"form-title\">\n                K\u00fcldje el kapcsolatfelv\u00e9teli k\u00e9relm\u00e9t online            <\/div>\n                        <!--Radio button 1 -->\n        <ul class=\"tabs-selector\">\n                            <li class=\"titlecards card-1 active\">\n                    <label id=\"rb1\" for=\"radio_button_1\">\n                        \u00daj \u00fcgyf\u00e9l                    <\/label>\n                <\/li>\n                        <!-- Radio button 2 -->\n                        <\/li>\n        <\/ul>\n                <div class=\"form-and-info\">\n                        <form action=\"https:\/\/www.ppcenergy.ro\/wp-admin\/admin-ajax.php\" method=\"POST\" id=\"formularOfertaSite\" class=\"designform\" enctype=\"multipart\/form-data\">\n                <input type=\"hidden\" name=\"action\" value=\"global_formularofertasite\" \/>\n                <input type=\"hidden\" name=\"pid\" value=\"22991\" \/>\n                <input type=\"hidden\" name=\"formId\" value=\"2\" \/>\n                                                <!-- First Name -->\n                                                                                <div class=\"inputFields\" data-error-prenume=\"\">\n                            <input type=\"text\" id=\"fname\" name=\"prenume\" value=\"\"\n                                   placeholder=\"Keresztn\u00e9v\" \/>\n                            <div class=\"hint\">\n                                                            <\/div>\n                        <\/div>\n                                                    <!--Last Name-->\n                                                                                <div class=\"inputFields\" data-error-last-name=\"\">\n                            <input type=\"text\" id=\"lname\" name=\"nume\" value=\"\"\n                                   placeholder=\"N\u00e9v\" \/>\n                            <div class=\"hint\">\n                                                            <\/div>\n                        <\/div>\n                                                    <!--Phone-->\n                                                                                <div class=\"inputFields\" data-error-phone=\"\">\n                            <input type=\"text\" id=\"phone\" name=\"telefon\" value=\"\" maxlength=\"10\"\n                                   placeholder=\"Mobiltelefon\" \/>\n                            <div class=\"hint\">\n                                07xxxxxxx                            <\/div>\n                        <\/div>\n                                                    <!--Email -->\n                                                                                <div class=\"inputFields\" data-error-email=\"\">\n                            <input type=\"email\" id=\"email\" name=\"mail\" value=\"\"\n                                   placeholder=\"Az \u00d6n e-mail c\u00edme\" \/>\n                            <div class=\"hint\">\n                                mail@mail.com                            <\/div>\n                        <\/div>\n                                        <!-- Email address confirm -->\n                                                                <div class=\"inputFields\"\n                             data-error-email-confirm=\"\">\n                            <input type=\"email\" id=\"emailConfirm\" name=\"mailConfirm\" value=\"\"\n                                   placeholder=\"E-mail c\u00edm \u00e9rv\u00e9nyes\u00edt\u00e9s\" \/>\n                            <div class=\"hint\">\n                                mail@mail.com                            <\/div>\n                        <\/div>\n                                                    <!-- Voucher Code -->\n                                <!-- County -->\n                                <!--POD  -->\n                                <!--Address 1  -->\n                                                                                <div class=\"inputFields\" data-error-address-one=\"\">\n                            <input type=\"text\" id=\"adresa_one\" name=\"adresa1\" value=\"\"\n                                   placeholder=\"Az int\u00e9zm\u00e9ny neve\" \/>\n                            <div class=\"hint\">\n                                                            <\/div>\n                        <\/div>\n                                                    <!-- Address 2 -->\n                                                                                <div class=\"inputFields\" data-error-address-two=\"\">\n                            <input type=\"text\" id=\"adresa_two\" name=\"adresa2\" value=\"\"\n                                   placeholder=\"Tov\u00e1bbi r\u00e9szletek\" \/>\n                            <div class=\"hint\">\n                                                            <\/div>\n                        <\/div>\n                                                                    <input type=\"radio\" class=\"button_hide\" id=\"radio_button_1\" checked value=\"radio_button_1\" name=\"radio_buttons\">\n                <input type=\"radio\" class=\"button_hide\" id=\"radio_button_2\"  value=\"radio_button_2\" name=\"radio_buttons\">\n                                <!-- Extra information  -->\n                                <!-- Client code -->\n                                <!-- Electel  -->\n                                <!-- Terms and Conditions  -->\n                                    <div class=\"checkbox-wrapper-23\">\n                                                    <input type=\"checkbox\" id=\"check-23\" name=\"termsandconds\" \/>\n                            <label for=\"check-23\" style=\"--size: 30px\">\n                                <svg viewBox=\"0,0,50,50\">\n                                <path d=\"M5 30 L 20 45 L 45 5\"><\/path>\n                                <\/svg>\n                            <\/label>\n                            <label class=\"check-23\" id=\"condname\" for=\"check-23\"\n                                   data-error-terms=\"\">\n                                       Hozz\u00e1j\u00e1rulok a fent megadott szem\u00e9lyes adatoknak az aj\u00e1nlatk\u00e9r\u00e9s c\u00e9lj\u00e1b\u00f3l t\u00f6rt\u00e9n\u0151 feldolgoz\u00e1s\u00e1hoz.                            <\/label>\n                                            <\/div>\n                                                    <button type=\"submit\" class=\"global-button global-button-black\"  disabled=\"disabled\" id=\"btnText\">\n                        K\u00fcldje el k\u00e9r\u00e9s\u00e9t                    <\/button>\n                                <div class=\"response_fos\"><\/div>\n                <!-- <div class=\"loader hidden\"><\/div> -->\n            <\/form>\n                         <div class=\"info-card client-card \">\n                                    <div class=\"title\">\n                        <div class=\"title-circle\"><\/div>\n                        <div class=\"title-text\">\n                            Tov\u00e1bbi inform\u00e1ci\u00f3k                        <\/div>\n                        <div class=\"extend-simbol hidden\"><\/div>\n                    <\/div>\n                                <div class=\"low-rez-info\">\n                                            <div class=\"text\">\n                            <p>Az energia\u00e1t\u00e1ll\u00e1st felgyors\u00edt\u00f3 \u00e9s az int\u00e9zm\u00e9nyekben \u00e9s a k\u00f6zigazgat\u00e1sban, valamint az irodahelyis\u00e9gekben a z\u00f6ld energiafogyaszt\u00e1st \u00f6szt\u00f6nz\u0151 innov\u00e1ci\u00f3k elfogad\u00e1s\u00e1val intelligens v\u00e1rosokat hozunk l\u00e9tre.<\/p>\n                        <\/div>\n                                        <ol>\n                                            <\/ol>\n                <\/div>\n            <\/div>\n                                   <\/div>\n        <div class=\"thankYou hidden\" data-layer-id=\"lead_gov_panouri_fotovoltaice\">\n                            <div class=\"title\">\n                    Sikeres k\u00e9r\u00e9sk\u00fcld\u00e9s meger\u0151s\u00edt\u00e9se                <\/div>\n                                        <div class=\"text\">\n                    <p>Meger\u0151s\u00edtj\u00fck, hogy az \u00d6n k\u00e9r\u00e9s\u00e9t sikeresen elk\u00fcldt\u00fck. Egy PPC-tan\u00e1csad\u00f3 hamarosan felveszi \u00d6nnel a kapcsolatot.<\/p>\n                <\/div>\n                                        <button class=\"global-button global-button-black\" id=\"btnResubmit\">\n                    Vissza a                <\/button>\n                    <\/div>\n    <\/div>\n<\/section>\n\n\n<div class=\"wp-block-columns is-layout-flex wp-container-core-columns-is-layout-28f84493 wp-block-columns-is-layout-flex\">\n<div class=\"wp-block-column is-layout-flow wp-block-column-is-layout-flow\" style=\"flex-basis:66.66%\">\n<h4 class=\"wp-block-heading\" id=\"h-miert-erdemes-a-ppc-nagy-teljesitmenyu-pv-paneljeit-telepiteni\">Mi\u00e9rt \u00e9rdemes a PPC nagy teljes\u00edtm\u00e9ny\u0171 PV paneljeit telep\u00edteni?<\/h4>\n\n\n\n<p>Ha maximaliz\u00e1lni szeretn\u00e9 az es\u00e9lyeit arra, hogy uni\u00f3s vagy korm\u00e1nyzati t\u00e1mogat\u00e1ssal napelemeket telep\u00edtsen, megb\u00edzhat\u00f3 partnerre van sz\u00fcks\u00e9ge, aki magas min\u0151s\u00e9g\u0171 term\u00e9keket \u00e9s szolg\u00e1ltat\u00e1sokat ny\u00fajt \u00d6nnek.<\/p>\n\n\n<section id=\"\" class=\"block-productcolumn aside-title-block\">\n            <h3 class=\"title-aside\">Min\u0151s\u00e9gi szolg\u00e1ltat\u00e1sok<\/h3>\n    \n    <div class=\"list-aside\">\n        <div class=\"product-column-blocks\">\n\n<p>A PPC fotovoltaikus rendszereinek telep\u00edt\u00e9se mindenekel\u0151tt a j\u00f6v\u0151beli partners\u00e9g garanci\u00e1ja. \u00d6n szakszer\u0171 tan\u00e1csad\u00e1st kap, amely seg\u00edt a v\u00e1llalkoz\u00e1sa sz\u00e1m\u00e1ra megfelel\u0151 megold\u00e1s kiv\u00e1laszt\u00e1s\u00e1ban, \u00e9s egy elk\u00f6telezett szakemberekb\u0151l \u00e1ll\u00f3 csapat \u00e1ll k\u00e9szen arra, hogy seg\u00edts\u00e9get ny\u00fajtson \u00d6nnek a tervez\u00e9s, a telep\u00edt\u00e9s, a tesztel\u00e9s \u00e9s a h\u00e1l\u00f3zati csatlakoz\u00e1s sor\u00e1n.<\/p>\n\n<\/div>\n    <\/div>\n\n<\/section>\n\n\n<section id=\"\" class=\"block-productcolumn aside-title-block\">\n            <h3 class=\"title-aside\">Nagy teljes\u00edtm\u00e9ny\u0171 term\u00e9kek nemzetk\u00f6zi gy\u00e1rt\u00f3kt\u00f3l<\/h3>\n    \n    <div class=\"list-aside\">\n        <div class=\"product-column-blocks\">\n\n<p>Vil\u00e1gsz\u00ednvonal\u00fa gy\u00e1rt\u00f3k fotovoltaikus paneljeit k\u00edn\u00e1ljuk a k\u00f6vetkez\u0151 el\u0151ny\u00f6kkel:<\/p>\n\n\n\n<ul class=\"wp-block-list\">\n<li>A panelek teljes\u00edtm\u00e9nye 350 W \u00e9s 660 W k\u00f6z\u00f6tt van, a m\u0171szaki szak\u00e9rtelem \u00e1ltal l\u00e9trehozott eredm\u00e9nyt\u0151l f\u00fcgg\u0151en;<\/li>\n\n\n\n<li>A legmodernebb technol\u00f3gia magas, modulonk\u00e9nt legal\u00e1bb 18%-os hat\u00e1sfokot biztos\u00edt;<\/li>\n\n\n\n<li>Magas, ak\u00e1r 5400 Pa h\u00f3terhel\u00e9ssel \u00e9s ak\u00e1r 3600 Pa sz\u00e9lterhel\u00e9ssel szembeni ellen\u00e1ll\u00e1s;<\/li>\n\n\n\n<li>12 \u00e9v gy\u00e1rt\u00f3i garancia;<\/li>\n\n\n\n<li>Hossz\u00fa \u00e9lettartam &#8211; t\u00f6bb mint 20 \u00e9v;<\/li>\n\n\n\n<li>&#8222;Modular Power System&#8221; rendszerrel felszerelt inverterek, amelyek egy k\u00fcl\u00f6nleges architekt\u00far\u00e1nak k\u00f6sz\u00f6nhet\u0151en nagyobb termel\u00e9kenys\u00e9get biztos\u00edtanak a hagyom\u00e1nyos inverterekhez k\u00e9pest, k\u00f6sz\u00f6nhet\u0151en annak, hogy az invertereket alkot\u00f3 k\u00fcl\u00f6nb\u00f6z\u0151 modulok fokozatosan, csak akkor aktiv\u00e1l\u00f3dnak, amikor a rendszernek sz\u00fcks\u00e9ge van r\u00e1juk;<\/li>\n\n\n\n<li>nagy teljes\u00edtm\u00e9ny\u0171 r\u00f6gz\u00edt\u0151- \u00e9s szerel\u0151rendszerek;<\/li>\n\n\n\n<li>t\u00e1rol\u00e1si megold\u00e1sok &#8211; megb\u00edzhat\u00f3, automatikusan vez\u00e9relhet\u0151 akkumul\u00e1torokkal eg\u00e9sz\u00edtj\u00fck ki a rendszert, \u00edgy a feleslegesen termelt energi\u00e1t t\u00e1rolhatja, \u00e9s k\u00e9s\u0151bb felhaszn\u00e1lhatja.<\/li>\n<\/ul>\n\n<\/div>\n    <\/div>\n\n<\/section>\n<\/div>\n\n\n\n<div class=\"wp-block-column is-layout-flow wp-block-column-is-layout-flow\" style=\"flex-basis:33.33%\"><\/div>\n<\/div>\n\n\n    <section id=\"\" class=\"block-faq aside-title-block\">\n                    <h3 class=\"title-aside\">Gyakran ism\u00e9telt k\u00e9rd\u00e9sek:<\/h3>\n                            <div class=\"list-aside faq-list\">\n                                    <div class=\"faq\">\n                                                    <div class=\"faq-title\">Milyen megold\u00e1sokat javasolnak az energiafogyaszt\u00e1s cs\u00f6kkent\u00e9s\u00e9re?<\/div>\n                                                                            <div class=\"faq-content\">\n                                                                    <div class=\"text-faq\"><p>Sz\u00e1mos int\u00e9zked\u00e9st aj\u00e1nlunk az \u00f6nkorm\u00e1nyzati \u00e9s irodai \u00e9p\u00fcletek energiahat\u00e9konys\u00e1g\u00e1nak n\u00f6vel\u00e9se \u00e9rdek\u00e9ben:<br \/>\nintegr\u00e1lt \u00e9p\u00fclet- \u00e9s rendszertervez\u00e9s; a g\u00e9p\u00e9szeti \u00e9s elektromos rendszerek energetikai ut\u00f3lagos felszerel\u00e9se; az \u00e9p\u00fcletg\u00e9p\u00e9szeti \u00e9s elektromos rendszerek integr\u00e1lt ir\u00e1ny\u00edt\u00e1sa.<\/p>\n<\/div>\n                                                                                            <\/div>\n                                            <\/div>\n                                    <div class=\"faq\">\n                                                    <div class=\"faq-title\">Hogyan cs\u00f6kkenthet\u0151 az energiafogyaszt\u00e1s fotovoltaikus panelekkel?<\/div>\n                                                                            <div class=\"faq-content\">\n                                                                    <div class=\"text-faq\"><p>A fotovoltaikus panelek telep\u00edt\u00e9se a k\u00f6zint\u00e9zm\u00e9nyekben \u00e9s az irodah\u00e1zakban, valamint a villamos energia jobb felhaszn\u00e1l\u00e1s\u00e1t c\u00e9lz\u00f3 beavatkoz\u00e1sok v\u00e9grehajt\u00e1sa hozz\u00e1j\u00e1rul a k\u00f6lts\u00e9gek cs\u00f6kkent\u00e9s\u00e9hez.<\/p>\n<p>A fotovoltaikus panelek seg\u00edts\u00e9g\u00e9vel a megtermelt energi\u00e1t felhaszn\u00e1lhatja, cs\u00f6kkentve ezzel az energiasz\u00e1ml\u00e1t.<\/p>\n<p>Az int\u00e9zked\u00e9sek els\u0151 szintj\u00e9n is sz\u00fcks\u00e9ges: h\u0151szigetel\u00e9s;<br \/>\na f\u0171t\u00e9si berendez\u00e9sek korszer\u0171s\u00edt\u00e9se meg\u00fajul\u00f3 energiarendszerekkel, p\u00e9ld\u00e1ul napkollektoros f\u0171t\u00e9ssel vagy h\u0151szivatty\u00fakkal; a teljes \u00e9p\u00fclet, azaz a f\u0171t\u00e9si rendszer \u00e9s az elektromos berendez\u00e9sek, valamint az \u00e9p\u00fcletburkolat ut\u00f3lagos korszer\u0171s\u00edt\u00e9se.<\/p>\n<\/div>\n                                                                                            <\/div>\n                                            <\/div>\n                            <\/div>\n            <\/section>\n","protected":false},"excerpt":{"rendered":"<p>Hogyan legyenek energiahat\u00e9kony \u00e9p\u00fcletek fotovoltaikus panelekkel Az emberek fenntarthat\u00f3 fejl\u0151d\u00e9sbe vetett bizalm\u00e1t a k\u00f6zint\u00e9zm\u00e9nyek energiatudatoss\u00e1ga is er\u0151s\u00edti. Iskol\u00e1k, k\u00f3rh\u00e1zak, irod\u00e1k, a polg\u00e1rok k\u00f6z\u00f6ss\u00e9gi helyis\u00e9gei &#8211; mind fenntarthat\u00f3bb\u00e1 v\u00e1lhatnak. Ugyan\u00edgy azok az irodahelyis\u00e9gek is, ahol az emberek mindennapi munk\u00e1jukat v\u00e9gzik. Mi az energiahat\u00e9kony \u00e9p\u00fclet? Az int\u00e9zm\u00e9nyi \u00e9s \u00fczleti \u00e9p\u00fcletek energiahat\u00e9konys\u00e1ga n\u00f6velni fogja az emberek bizalm\u00e1t a [&hellip;]<\/p>\n","protected":false},"author":48,"featured_media":0,"parent":23026,"menu_order":0,"comment_status":"closed","ping_status":"closed","template":"","meta":{"_acf_changed":false,"footnotes":""},"class_list":["post-22991","page","type-page","status-publish","hentry"],"acf":[],"yoast_head":"<!-- This site is optimized with the Yoast SEO Premium plugin v21.8 (Yoast SEO v27.3) - https:\/\/yoast.com\/product\/yoast-seo-premium-wordpress\/ -->\n<title>Fotovoltaikus panelek irodah\u00e1zak \u00e9s k\u00f6zint\u00e9zm\u00e9nyek sz\u00e1m\u00e1ra - PPC<\/title>\n<meta name=\"description\" content=\"Fedezze fel a fotovoltaikus panelek el\u0151nyeit az \u00f6nkorm\u00e1nyzati \u00e9p\u00fcletekben - Hogyan seg\u00edt a napelemek seg\u00edts\u00e9g\u00e9vel el\u0151\u00e1ll\u00edtani a sz\u00fcks\u00e9ges energi\u00e1t, hogy profi fogyaszt\u00f3v\u00e1 v\u00e1ljon\" \/>\n<meta name=\"robots\" content=\"index, follow, max-snippet:-1, max-image-preview:large, max-video-preview:-1\" \/>\n<link rel=\"canonical\" href=\"https:\/\/www.ppcenergy.ro\/hu\/kozintezmenyek\/napelemek\/\" \/>\n<meta property=\"og:locale\" content=\"hu_HU\" \/>\n<meta property=\"og:type\" content=\"article\" \/>\n<meta property=\"og:title\" content=\"Panouri fotovoltaice pentru cl\u0103diri de birouri \u0219i institu\u021bii publice\" \/>\n<meta property=\"og:description\" content=\"Descopera avantajele panourilor fotovoltaice in cladirile administratiei locale - Cum te ajuta panourile solare sa produci energia necesara pentru a deveni prosumator\" \/>\n<meta property=\"og:url\" content=\"https:\/\/www.ppcenergy.ro\/hu\/kozintezmenyek\/napelemek\/\" \/>\n<meta property=\"og:site_name\" content=\"PPC\" \/>\n<meta property=\"article:publisher\" content=\"https:\/\/www.facebook.com\/ppcenergy\" \/>\n<meta property=\"article:modified_time\" content=\"2025-09-03T11:56:15+00:00\" \/>\n<meta name=\"twitter:card\" content=\"summary_large_image\" \/>\n<meta name=\"twitter:title\" content=\"Fotovoltaikus panelek\" \/>\n<meta name=\"twitter:site\" content=\"@PPCEnergyRo\" \/>\n<meta name=\"twitter:label1\" content=\"Est. reading time\" \/>\n\t<meta name=\"twitter:data1\" content=\"2 perc\" \/>\n<script type=\"application\/ld+json\" class=\"yoast-schema-graph\">{\"@context\":\"https:\\\/\\\/schema.org\",\"@graph\":[{\"@type\":\"WebPage\",\"@id\":\"https:\\\/\\\/www.ppcenergy.ro\\\/hu\\\/kozintezmenyek\\\/napelemek\\\/\",\"url\":\"https:\\\/\\\/www.ppcenergy.ro\\\/hu\\\/kozintezmenyek\\\/napelemek\\\/\",\"name\":\"Fotovoltaikus panelek irodah\u00e1zak \u00e9s k\u00f6zint\u00e9zm\u00e9nyek sz\u00e1m\u00e1ra - PPC\",\"isPartOf\":{\"@id\":\"https:\\\/\\\/www.ppcenergy.ro\\\/#website\"},\"datePublished\":\"2024-03-16T11:31:10+00:00\",\"dateModified\":\"2025-09-03T11:56:15+00:00\",\"description\":\"Fedezze fel a fotovoltaikus panelek el\u0151nyeit az \u00f6nkorm\u00e1nyzati \u00e9p\u00fcletekben - Hogyan seg\u00edt a napelemek seg\u00edts\u00e9g\u00e9vel el\u0151\u00e1ll\u00edtani a sz\u00fcks\u00e9ges energi\u00e1t, hogy profi fogyaszt\u00f3v\u00e1 v\u00e1ljon\",\"breadcrumb\":{\"@id\":\"https:\\\/\\\/www.ppcenergy.ro\\\/hu\\\/kozintezmenyek\\\/napelemek\\\/#breadcrumb\"},\"inLanguage\":\"hu\",\"potentialAction\":[{\"@type\":\"ReadAction\",\"target\":[\"https:\\\/\\\/www.ppcenergy.ro\\\/hu\\\/kozintezmenyek\\\/napelemek\\\/\"]}]},{\"@type\":\"BreadcrumbList\",\"@id\":\"https:\\\/\\\/www.ppcenergy.ro\\\/hu\\\/kozintezmenyek\\\/napelemek\\\/#breadcrumb\",\"itemListElement\":[{\"@type\":\"ListItem\",\"position\":1,\"name\":\"Home\",\"item\":\"https:\\\/\\\/www.ppcenergy.ro\\\/hu\\\/\"},{\"@type\":\"ListItem\",\"position\":2,\"name\":\"K\u00f6zint\u00e9zm\u00e9nyek\",\"item\":\"https:\\\/\\\/www.ppcenergy.ro\\\/hu\\\/kozintezmenyek\\\/\"},{\"@type\":\"ListItem\",\"position\":3,\"name\":\"Fotovoltaikus panelek\"}]},{\"@type\":\"WebSite\",\"@id\":\"https:\\\/\\\/www.ppcenergy.ro\\\/#website\",\"url\":\"https:\\\/\\\/www.ppcenergy.ro\\\/\",\"name\":\"PPC\",\"description\":\"Energy\",\"publisher\":{\"@id\":\"https:\\\/\\\/www.ppcenergy.ro\\\/#organization\"},\"potentialAction\":[{\"@type\":\"SearchAction\",\"target\":{\"@type\":\"EntryPoint\",\"urlTemplate\":\"https:\\\/\\\/www.ppcenergy.ro\\\/?s={search_term_string}\"},\"query-input\":{\"@type\":\"PropertyValueSpecification\",\"valueRequired\":true,\"valueName\":\"search_term_string\"}}],\"inLanguage\":\"hu\"},{\"@type\":\"Organization\",\"@id\":\"https:\\\/\\\/www.ppcenergy.ro\\\/#organization\",\"name\":\"PPC\",\"url\":\"https:\\\/\\\/www.ppcenergy.ro\\\/\",\"logo\":{\"@type\":\"ImageObject\",\"inLanguage\":\"hu\",\"@id\":\"https:\\\/\\\/www.ppcenergy.ro\\\/#\\\/schema\\\/logo\\\/image\\\/\",\"url\":\"https:\\\/\\\/www.ppcenergy.ro\\\/wp-content\\\/uploads\\\/cropped-favicon.webp\",\"contentUrl\":\"https:\\\/\\\/www.ppcenergy.ro\\\/wp-content\\\/uploads\\\/cropped-favicon.webp\",\"width\":512,\"height\":512,\"caption\":\"PPC\"},\"image\":{\"@id\":\"https:\\\/\\\/www.ppcenergy.ro\\\/#\\\/schema\\\/logo\\\/image\\\/\"},\"sameAs\":[\"https:\\\/\\\/www.facebook.com\\\/ppcenergy\",\"https:\\\/\\\/x.com\\\/PPCEnergyRo\",\"https:\\\/\\\/www.instagram.com\\\/ppcenergyro\\\/\",\"https:\\\/\\\/www.youtube.com\\\/@PPCEnergy\",\"https:\\\/\\\/www.linkedin.com\\\/company\\\/ppc-energy\\\/\"]}]}<\/script>\n<!-- \/ Yoast SEO Premium plugin. -->","yoast_head_json":{"title":"Fotovoltaikus panelek irodah\u00e1zak \u00e9s k\u00f6zint\u00e9zm\u00e9nyek sz\u00e1m\u00e1ra - PPC","description":"Fedezze fel a fotovoltaikus panelek el\u0151nyeit az \u00f6nkorm\u00e1nyzati \u00e9p\u00fcletekben - Hogyan seg\u00edt a napelemek seg\u00edts\u00e9g\u00e9vel el\u0151\u00e1ll\u00edtani a sz\u00fcks\u00e9ges energi\u00e1t, hogy profi fogyaszt\u00f3v\u00e1 v\u00e1ljon","robots":{"index":"index","follow":"follow","max-snippet":"max-snippet:-1","max-image-preview":"max-image-preview:large","max-video-preview":"max-video-preview:-1"},"canonical":"https:\/\/www.ppcenergy.ro\/hu\/kozintezmenyek\/napelemek\/","og_locale":"hu_HU","og_type":"article","og_title":"Panouri fotovoltaice pentru cl\u0103diri de birouri \u0219i institu\u021bii publice","og_description":"Descopera avantajele panourilor fotovoltaice in cladirile administratiei locale - Cum te ajuta panourile solare sa produci energia necesara pentru a deveni prosumator","og_url":"https:\/\/www.ppcenergy.ro\/hu\/kozintezmenyek\/napelemek\/","og_site_name":"PPC","article_publisher":"https:\/\/www.facebook.com\/ppcenergy","article_modified_time":"2025-09-03T11:56:15+00:00","twitter_card":"summary_large_image","twitter_title":"Fotovoltaikus panelek","twitter_site":"@PPCEnergyRo","twitter_misc":{"Est. reading time":"2 perc"},"schema":{"@context":"https:\/\/schema.org","@graph":[{"@type":"WebPage","@id":"https:\/\/www.ppcenergy.ro\/hu\/kozintezmenyek\/napelemek\/","url":"https:\/\/www.ppcenergy.ro\/hu\/kozintezmenyek\/napelemek\/","name":"Fotovoltaikus panelek irodah\u00e1zak \u00e9s k\u00f6zint\u00e9zm\u00e9nyek sz\u00e1m\u00e1ra - PPC","isPartOf":{"@id":"https:\/\/www.ppcenergy.ro\/#website"},"datePublished":"2024-03-16T11:31:10+00:00","dateModified":"2025-09-03T11:56:15+00:00","description":"Fedezze fel a fotovoltaikus panelek el\u0151nyeit az \u00f6nkorm\u00e1nyzati \u00e9p\u00fcletekben - Hogyan seg\u00edt a napelemek seg\u00edts\u00e9g\u00e9vel el\u0151\u00e1ll\u00edtani a sz\u00fcks\u00e9ges energi\u00e1t, hogy profi fogyaszt\u00f3v\u00e1 v\u00e1ljon","breadcrumb":{"@id":"https:\/\/www.ppcenergy.ro\/hu\/kozintezmenyek\/napelemek\/#breadcrumb"},"inLanguage":"hu","potentialAction":[{"@type":"ReadAction","target":["https:\/\/www.ppcenergy.ro\/hu\/kozintezmenyek\/napelemek\/"]}]},{"@type":"BreadcrumbList","@id":"https:\/\/www.ppcenergy.ro\/hu\/kozintezmenyek\/napelemek\/#breadcrumb","itemListElement":[{"@type":"ListItem","position":1,"name":"Home","item":"https:\/\/www.ppcenergy.ro\/hu\/"},{"@type":"ListItem","position":2,"name":"K\u00f6zint\u00e9zm\u00e9nyek","item":"https:\/\/www.ppcenergy.ro\/hu\/kozintezmenyek\/"},{"@type":"ListItem","position":3,"name":"Fotovoltaikus panelek"}]},{"@type":"WebSite","@id":"https:\/\/www.ppcenergy.ro\/#website","url":"https:\/\/www.ppcenergy.ro\/","name":"PPC","description":"Energy","publisher":{"@id":"https:\/\/www.ppcenergy.ro\/#organization"},"potentialAction":[{"@type":"SearchAction","target":{"@type":"EntryPoint","urlTemplate":"https:\/\/www.ppcenergy.ro\/?s={search_term_string}"},"query-input":{"@type":"PropertyValueSpecification","valueRequired":true,"valueName":"search_term_string"}}],"inLanguage":"hu"},{"@type":"Organization","@id":"https:\/\/www.ppcenergy.ro\/#organization","name":"PPC","url":"https:\/\/www.ppcenergy.ro\/","logo":{"@type":"ImageObject","inLanguage":"hu","@id":"https:\/\/www.ppcenergy.ro\/#\/schema\/logo\/image\/","url":"https:\/\/www.ppcenergy.ro\/wp-content\/uploads\/cropped-favicon.webp","contentUrl":"https:\/\/www.ppcenergy.ro\/wp-content\/uploads\/cropped-favicon.webp","width":512,"height":512,"caption":"PPC"},"image":{"@id":"https:\/\/www.ppcenergy.ro\/#\/schema\/logo\/image\/"},"sameAs":["https:\/\/www.facebook.com\/ppcenergy","https:\/\/x.com\/PPCEnergyRo","https:\/\/www.instagram.com\/ppcenergyro\/","https:\/\/www.youtube.com\/@PPCEnergy","https:\/\/www.linkedin.com\/company\/ppc-energy\/"]}]}},"parsely":{"version":"1.1.0","canonical_url":"https:\/\/ppcenergy.ro\/hu\/kozintezmenyek\/napelemek\/","smart_links":{"inbound":0,"outbound":0},"traffic_boost_suggestions_count":0,"meta":{"@context":"https:\/\/schema.org","@type":"WebPage","headline":"Fotovoltaikus panelek","url":"https:\/\/www.ppcenergy.ro\/hu\/kozintezmenyek\/napelemek\/","mainEntityOfPage":{"@type":"WebPage","@id":"https:\/\/www.ppcenergy.ro\/hu\/kozintezmenyek\/napelemek\/"},"thumbnailUrl":"","image":{"@type":"ImageObject","url":""},"articleSection":"Uncategorized @hu","author":[{"@type":"Person","name":"Madalina-Elena Dragan"}],"creator":["Madalina-Elena Dragan"],"publisher":{"@type":"Organization","name":"PPC","logo":""},"keywords":[],"dateCreated":"2024-03-16T11:31:10Z","datePublished":"2024-03-16T11:31:10Z","dateModified":"2025-09-03T11:56:15Z"},"rendered":"<meta name=\"parsely-title\" content=\"Fotovoltaikus panelek\" \/>\n<meta name=\"parsely-link\" content=\"https:\/\/www.ppcenergy.ro\/hu\/kozintezmenyek\/napelemek\/\" \/>\n<meta name=\"parsely-type\" content=\"index\" \/>\n<meta name=\"parsely-pub-date\" content=\"2024-03-16T11:31:10Z\" \/>\n<meta name=\"parsely-section\" content=\"Uncategorized @hu\" \/>\n<meta name=\"parsely-author\" content=\"Madalina-Elena Dragan\" \/>","tracker_url":"https:\/\/cdn.parsely.com\/keys\/ppcenergy.ro\/p.js"},"_links":{"self":[{"href":"https:\/\/www.ppcenergy.ro\/hu\/wp-json\/wp\/v2\/pages\/22991","targetHints":{"allow":["GET"]}}],"collection":[{"href":"https:\/\/www.ppcenergy.ro\/hu\/wp-json\/wp\/v2\/pages"}],"about":[{"href":"https:\/\/www.ppcenergy.ro\/hu\/wp-json\/wp\/v2\/types\/page"}],"author":[{"embeddable":true,"href":"https:\/\/www.ppcenergy.ro\/hu\/wp-json\/wp\/v2\/users\/48"}],"replies":[{"embeddable":true,"href":"https:\/\/www.ppcenergy.ro\/hu\/wp-json\/wp\/v2\/comments?post=22991"}],"version-history":[{"count":9,"href":"https:\/\/www.ppcenergy.ro\/hu\/wp-json\/wp\/v2\/pages\/22991\/revisions"}],"predecessor-version":[{"id":25282,"href":"https:\/\/www.ppcenergy.ro\/hu\/wp-json\/wp\/v2\/pages\/22991\/revisions\/25282"}],"up":[{"embeddable":true,"href":"https:\/\/www.ppcenergy.ro\/hu\/wp-json\/wp\/v2\/pages\/23026"}],"wp:attachment":[{"href":"https:\/\/www.ppcenergy.ro\/hu\/wp-json\/wp\/v2\/media?parent=22991"}],"curies":[{"name":"wp","href":"https:\/\/api.w.org\/{rel}","templated":true}]}}