{"id":18162,"date":"2024-04-04T15:11:57","date_gmt":"2024-04-04T12:11:57","guid":{"rendered":"https:\/\/www.ppcenergy.ro\/experienta-ppc-renewables-razvan-petrache\/"},"modified":"2025-06-03T21:37:27","modified_gmt":"2025-06-03T18:37:27","slug":"razvanpetrache","status":"publish","type":"page","link":"https:\/\/www.ppcenergy.ro\/hu\/karrier\/karrierlehetosegek\/ppc-tapasztalat\/razvanpetrache\/","title":{"rendered":"PPC Renewables Tapasztalat: R\u0103zvan Petrache"},"content":{"rendered":"<section id=\"\" class=\"block-top-product \">\n    <div class='top-product'>\n                <div class=\"full-slide  gradientproduct  articles left slider-type-gradinetimage\">\n                                        <div\n                    class='gradient desktop bottomleft green  eleven_per_row'>\n                    <div class='line line1'><\/div>\n                    <div class='line line2'><\/div>\n                    <div class='line line3'><\/div>\n                    <div class='line line4'><\/div>\n                                                                <div class='line line5'><\/div>\n                        <div class='line line6'><\/div>\n                        <div class='line line7'><\/div>\n                        <div class='line line8'><\/div>\n                        <div class='line line9'><\/div>\n                        <div class='line line10'><\/div>\n                        <div class='line line11'><\/div>\n                                    <\/div>\n                                                            <div class=\"product-image bottomleft green\">\n                        <img loading=\"lazy\" decoding=\"async\" width=\"1024\" height=\"576\" src=\"https:\/\/www.ppcenergy.ro\/wp-content\/uploads\/razvan-p.webp?w=1024\" class=\"attachment-gradientproduct size-gradientproduct\" alt=\"\" srcset=\"https:\/\/www.ppcenergy.ro\/wp-content\/uploads\/razvan-p.webp 3840w, https:\/\/www.ppcenergy.ro\/wp-content\/uploads\/razvan-p.webp?resize=300,169 300w, https:\/\/www.ppcenergy.ro\/wp-content\/uploads\/razvan-p.webp?resize=768,432 768w, https:\/\/www.ppcenergy.ro\/wp-content\/uploads\/razvan-p.webp?resize=1024,576 1024w, https:\/\/www.ppcenergy.ro\/wp-content\/uploads\/razvan-p.webp?resize=1536,864 1536w, https:\/\/www.ppcenergy.ro\/wp-content\/uploads\/razvan-p.webp?resize=2048,1152 2048w, https:\/\/www.ppcenergy.ro\/wp-content\/uploads\/razvan-p.webp?resize=1112,624 1112w, https:\/\/www.ppcenergy.ro\/wp-content\/uploads\/razvan-p.webp?resize=89,50 89w\" sizes=\"auto, (max-width: 1024px) 100vw, 1024px\" \/>                    <\/div>\n                \n                                        <div class=\"product-textbox  text-color-white\">\n                                            <div\n                            class='gradient mobile bottomleft green  eleven_per_row'>\n                            <div class='line line1'><\/div>\n                            <div class='line line2'><\/div>\n                            <div class='line line3'><\/div>\n                            <div class='line line4'><\/div>\n                                                                                        <div class='line line5'><\/div>\n                                <div class='line line6'><\/div>\n                                <div class='line line7'><\/div>\n                                <div class='line line8'><\/div>\n                                <div class='line line9'><\/div>\n                                <div class='line line10'><\/div>\n                                <div class='line line11'><\/div>\n                                                    <\/div>\n                    \n                                                                                    <h2 class=\"title\">\n                        PPC Renewables Tapasztalat                        <\/h2>\n                                                                                    <div class=\"text\">\n                            <p><p>R\u0103zvan Petrache<\/p>\n<\/p>\n                        <\/div>\n                                                                                \n                                                        <\/div>\n                    <\/div>\n    <\/div>\n<\/section>\n\n<section id=\"\" class=\"block-breadcrumbs\">\n    <ul id=\"breadcrumbs\" itemprop=\"breadcrumb\" class=\"breadcrumbs\"><li><a rel=\"home\" href=\"https:\/\/www.ppcenergy.ro\/hu\/\"><span class=\"logo-breadcrumbs\"><\/span><\/a><\/li><\/ul><\/section>\n\n\n<div style=\"height:32px\" aria-hidden=\"true\" class=\"wp-block-spacer\"><\/div>\n\n\n\n<h1 class=\"wp-block-heading\" id=\"h-ppc-renewables-tapasztalat-razvan-petrache\">PPC Renewables Tapasztalat: R\u0103zvan Petrache<\/h1>\n\n\n\n<div class=\"wp-block-columns is-layout-flex wp-container-core-columns-is-layout-28f84493 wp-block-columns-is-layout-flex\">\n<div class=\"wp-block-column is-layout-flow wp-block-column-is-layout-flow\" style=\"flex-basis:66.66%\">\n<p>Megh\u00edvjuk \u00d6nt, hogy csatlakozzon a PPC Renewables Rom\u00e1nia csapat\u00e1hoz, \u00e9s ismerje meg a szakembereket, akikkel egy\u00fctt dolgozunk. R\u0103zvan Petrache (49 \u00e9ves) fotovoltaikus technikus.<\/p>\n<\/div>\n\n\n\n<div class=\"wp-block-column is-layout-flow wp-block-column-is-layout-flow\" style=\"flex-basis:33.33%\"><\/div>\n<\/div>\n\n\n<section id=\"\" class=\"block-product-container\">\n    <div class=\"left-product\">\n        <div class=\"product-blocks\">\n<section id=\"\" class=\"block-productcolumn aside-title-block\">\n            <h3 class=\"title-aside\">Profil<\/h3>\n    \n    <div class=\"list-aside\">\n        <div class=\"product-column-blocks\">\n\n<p><strong>31 \u00e9ves tapasztalattal rendelkezem az elektromos ter\u00fcleten. Az egyetemet \u00e9s a k\u00f6z\u00e9piskol\u00e1t Targoviste-ben v\u00e9geztem. A k\u00f6z\u00e9piskola \u00f3ta szerettem a fizik\u00e1t, \u00e9desap\u00e1m pedig villanyszerel\u0151 m\u0171vezet\u0151k\u00e9nt dolgozott, \u00edgy ez a ter\u00fclet term\u00e9szetes v\u00e1laszt\u00e1s volt sz\u00e1momra.<\/strong><\/p>\n\n<\/div>\n    <\/div>\n\n<\/section>\n\n<\/div>\n    <\/div>\n    <\/section>\n\n\n<figure class=\"wp-block-embed is-type-video is-provider-youtube wp-block-embed-youtube wp-embed-aspect-16-9 wp-has-aspect-ratio\"><div class=\"wp-block-embed__wrapper\">\n<iframe loading=\"lazy\" title=\"R\u0103zvan Petrache - Experien\u021ba PPC\" width=\"500\" height=\"281\" src=\"https:\/\/www.youtube.com\/embed\/jwRXfCOwFfs?feature=oembed\" frameborder=\"0\" allow=\"accelerometer; autoplay; clipboard-write; encrypted-media; gyroscope; picture-in-picture; web-share\" referrerpolicy=\"strict-origin-when-cross-origin\" allowfullscreen><\/iframe>\n<\/div><\/figure>\n\n\n\n<div style=\"height:32px\" aria-hidden=\"true\" class=\"wp-block-spacer\"><\/div>\n\n\n\n<div class=\"wp-block-columns is-layout-flex wp-container-core-columns-is-layout-28f84493 wp-block-columns-is-layout-flex\">\n<div class=\"wp-block-column is-layout-flow wp-block-column-is-layout-flow\" style=\"flex-basis:66.66%\">\n<h4 class=\"wp-block-heading\" id=\"h-munkahely-pv-technikus\" style=\"margin-top:var(--wp--preset--spacing--30);margin-bottom:var(--wp--preset--spacing--30)\">Munkahely: PV-technikus<\/h4>\n\n\n\n<p>Fotovoltaikus rendszertechnikusk\u00e9nt az a feladatom, hogy biztos\u00edtsam, hogy a Giurgiu megyei C\u0103lug\u0103reniben tal\u00e1lhat\u00f3 Lumina fotovoltaikus er\u0151m\u0171 a norm\u00e1lis param\u00e9tereken bel\u00fcl m\u0171k\u00f6dj\u00f6n. A termel\u00e9s maximaliz\u00e1l\u00e1sa \u00e9rdek\u00e9ben a legmodernebb berendez\u00e9sekkel dolgozunk. R\u00e9g\u00f3ta szerettem volna egy nagyv\u00e1llalatn\u00e1l dolgozni, \u00e9s amikor megl\u00e1ttam egy \u00e1ll\u00e1saj\u00e1nlatot, jelentkeztem, \u00e9s felvettek.<\/p>\n\n\n\n<div style=\"height:16px\" aria-hidden=\"true\" class=\"wp-block-spacer\"><\/div>\n\n\n\n<h4 class=\"wp-block-heading\" id=\"h-megujulo-energiaforrasok-novekvo-szegmens\" style=\"margin-top:var(--wp--preset--spacing--30);margin-bottom:var(--wp--preset--spacing--30)\">Meg\u00fajul\u00f3 energiaforr\u00e1sok &#8211; n\u00f6vekv\u0151 szegmens<\/h4>\n\n\n\n<p>A z\u00f6ld energia a j\u00f6v\u0151 energi\u00e1ja. Ez egy olyan ter\u00fclet, amely az elk\u00f6vetkez\u0151 \u00e9vekben exponenci\u00e1lisan fog n\u00f6vekedni. A meg\u00fajul\u00f3 energi\u00e1val foglalkoz\u00f3 c\u00e9gek vezet\u0151 v\u00e1llalatok, m\u00e1r most azt l\u00e1tjuk, hogy ez a szegmens napr\u00f3l napra n\u00f6vekszik. Miut\u00e1n 22 \u00e9vig Spanyolorsz\u00e1gban dolgoztam, \u00e9s l\u00e1ttam, hogyan fejl\u0151dnek ott a dolgok, kellemes benyom\u00e1st tett r\u00e1m az a t\u00e9ny, hogy Rom\u00e1ni\u00e1ban is el\u00e9g sok ilyen er\u0151m\u0171 \u00e9p\u00fcl. J\u00f3 \u00faton j\u00e1runk!<\/p>\n\n\n\n<div style=\"height:16px\" aria-hidden=\"true\" class=\"wp-block-spacer\"><\/div>\n<\/div>\n\n\n\n<div class=\"wp-block-column is-layout-flow wp-block-column-is-layout-flow\" style=\"flex-basis:33.33%\"><\/div>\n<\/div>\n\n\n\n<figure class=\"wp-block-embed is-type-video is-provider-youtube wp-block-embed-youtube wp-embed-aspect-16-9 wp-has-aspect-ratio\"><div class=\"wp-block-embed__wrapper\">\n<iframe loading=\"lazy\" title=\"Razvan Petrache - Experien\u021ba PPC\" width=\"500\" height=\"281\" src=\"https:\/\/www.youtube.com\/embed\/SxM8aXTj7n0?feature=oembed\" frameborder=\"0\" allow=\"accelerometer; autoplay; clipboard-write; encrypted-media; gyroscope; picture-in-picture; web-share\" referrerpolicy=\"strict-origin-when-cross-origin\" allowfullscreen><\/iframe>\n<\/div><\/figure>\n\n\n    <section id=\"\" class=\"block-carousel background-color- is-style-border\">\n        <div class=\"gradient gradient-global  \">\n            <div class='line line1' style=\"\"><\/div>\n            <div class='line line2' style=\"\"><\/div>\n            <div class='line line3' style=\"\"><\/div>\n            <div class='line line4' style=\"\"><\/div>\n            <div class='line line5' style=\"\"><\/div>\n            <div class='line line6' style=\"\"><\/div>\n            <div class='line line7' style=\"\"><\/div>\n            <div class='line line8' style=\"\"><\/div>\n            <div class='line line9' style=\"\"><\/div>\n            <div class='line line10' style=\"\"><\/div>\n            <div class='line line11' style=\"\"><\/div>\n        <\/div>\n        <div class=\"pull-wrapper\">\n            <div class=\"upper-slider container-pull\">\n                            <\/div>\n                    <\/div>\n        <div class='carousel-global pull-wrapper carousel-slider'\n             data-slide-per-row=\"4\">\n                                 <div class=\"carousel-slide four_per_row\">\n                                            <div class=\"image-carousel\">\n                            <img decoding=\"async\" width=\"1024\" src=\"https:\/\/www.ppcenergy.ro\/wp-content\/uploads\/icon-crestere.svg?w=1024\" class=\"attachment-iconcarousel size-iconcarousel\" alt=\"\" \/>                                                    <\/div>\n                                                                <div class=\"text-carousel\">\n                                                            <h3 class=\"title\">\n                                    Vonz\u00f3 projekt                                <\/h3>\n                                                                                        <div class=\"text\">\n                                    <p>Sz\u00e1momra a legvonz\u00f3bb projekt, ami\u00f3ta a v\u00e1llalatn\u00e1l dolgozom, a c\u0103lug\u0103reni Lumina fotovoltaikus park \u00fczembe helyez\u00e9se \u00e9s \u00e1tv\u00e9tele. A Lumina park 88 hekt\u00e1ron ter\u00fcl el, \u00e9s mintegy 120 000 napelemmel rendelkezik. Ez az egyetlen olyan fotovoltaikus park a portf\u00f3li\u00f3nkban, amely a kelet-nyugati tengelyen mozog, nem pedig a d\u00e9li tengelyen. A park 8 al\u00e1llom\u00e1sb\u00f3l, 248 inverterb\u0151l \u00e9s 1234 napelemes nyomk\u00f6vet\u0151b\u0151l \u00e1ll. Az energi\u00e1t az itt tal\u00e1lhat\u00f3 63 MW-os er\u0151m\u0171ben t\u00e1rolj\u00e1k, ahonnan az orsz\u00e1gos h\u00e1l\u00f3zatba t\u00e1pl\u00e1lj\u00e1k. Egy ilyen park egy eg\u00e9sz v\u00e1rost k\u00e9pes ell\u00e1tni energi\u00e1val, \u00e9s meteorol\u00f3giai szempontb\u00f3l j\u00f3 a f\u00f6ldrajzi elhelyezked\u00e9se, ami nagyobb hat\u00e9konys\u00e1got garant\u00e1l.<\/p>\n                                <\/div>\n                                                    <\/div>\n                                                        <\/div>\n                                <div class=\"carousel-slide four_per_row\">\n                                            <div class=\"image-carousel\">\n                            <img decoding=\"async\" width=\"1024\" src=\"https:\/\/www.ppcenergy.ro\/wp-content\/uploads\/icon-cod-client.svg?w=1024\" class=\"attachment-iconcarousel size-iconcarousel\" alt=\"\" \/>                                                    <\/div>\n                                                                <div class=\"text-carousel\">\n                                                            <h3 class=\"title\">\n                                    Egy tipikus munkanap a Lumina fotovoltaikus parkban                                <\/h3>\n                                                                                        <div class=\"text\">\n                                    <p>Reggel 8.00 \u00f3rakor \u00e9rkezem a fotovoltaikus parkba. El\u0151sz\u00f6r a SCADA programban ellen\u0151rizz\u00fck, hogy minden rendszer m\u0171k\u00f6dik-e. Ezut\u00e1n terepszeml\u00e9t tartunk, ahol ellen\u0151rizz\u00fck, hogy mely rendszereket tudjuk jav\u00edtani a termel\u00e9kenys\u00e9g n\u00f6vel\u00e9se \u00e9rdek\u00e9ben. Egy\u00e9bk\u00e9nt sz\u00e1m\u00edt\u00f3g\u00e9pekkel figyelj\u00fck a munk\u00e1t, \u00e9s minden meghib\u00e1sod\u00e1s eset\u00e9n a helysz\u00ednre megy\u00fcnk. Soha nem volt komolyabb meghib\u00e1sod\u00e1sunk, de n\u00e9ha el\u0151fordulnak kisebb incidensek. Nemr\u00e9giben egy r\u00f3ka beb\u00fajt egy transzform\u00e1tor-al\u00e1llom\u00e1s k\u00f6zel\u00e9be, ami befoly\u00e1solta a park egy r\u00e9sz\u00e9vel val\u00f3 kommunik\u00e1ci\u00f3t, mivel egy inverter &#8211; 17 napelemes panel &#8211; le\u00e1llt. Ilyen dolgok el\u0151fordulnak, elv\u00e9gre az \u0151 f\u00f6ldj\u00fck\u00f6n vagyunk a mez\u0151k\u00f6n.<\/p>\n                                <\/div>\n                                                    <\/div>\n                                                        <\/div>\n                                <div class=\"carousel-slide four_per_row\">\n                                            <div class=\"image-carousel\">\n                            <img decoding=\"async\" width=\"1024\" src=\"https:\/\/www.ppcenergy.ro\/wp-content\/uploads\/icon-business_e8515b.svg?w=1024\" class=\"attachment-iconcarousel size-iconcarousel\" alt=\"\" \/>                                                    <\/div>\n                                                                <div class=\"text-carousel\">\n                                                            <h3 class=\"title\">\n                                    Szakmai kih\u00edv\u00e1sok                                <\/h3>\n                                                                                        <div class=\"text\">\n                                    <p>A legnagyobb kih\u00edv\u00e1st az jelenti, hogy naprak\u00e9szen kell k\u00f6vetni a szakma leg\u00fajabb h\u00edreit, mert ebben a szegmensben minden rendk\u00edv\u00fcl gyorsan mozog.<\/p>\n                                <\/div>\n                                                    <\/div>\n                                                        <\/div>\n                                <div class=\"carousel-slide four_per_row\">\n                                            <div class=\"image-carousel\">\n                            <img decoding=\"async\" width=\"1024\" src=\"https:\/\/www.ppcenergy.ro\/wp-content\/uploads\/icon-concediu.svg?w=1024\" class=\"attachment-iconcarousel size-iconcarousel\" alt=\"\" \/>                                                    <\/div>\n                                                                <div class=\"text-carousel\">\n                                                            <h3 class=\"title\">\n                                    Szabadid\u0151                                <\/h3>\n                                                                                        <div class=\"text\">\n                                    <p>A szabadid\u0151m nagy r\u00e9sz\u00e9t a gyermekeimmel \u00e9s a feles\u00e9gemmel t\u00f6lt\u00f6m.<\/p>\n                                <\/div>\n                                                    <\/div>\n                                                        <\/div>\n                        <\/div>\n            <\/section>\n\n\n\n<div class=\"wp-block-columns is-layout-flex wp-container-core-columns-is-layout-28f84493 wp-block-columns-is-layout-flex\">\n<div class=\"wp-block-column is-layout-flow wp-block-column-is-layout-flow\" style=\"flex-basis:66.66%\">\n<div style=\"height:16px\" aria-hidden=\"true\" class=\"wp-block-spacer\"><\/div>\n\n\n\n<h4 class=\"wp-block-heading\" id=\"h-miert-ajanlja-a-ceget-ahol-dolgozik\" style=\"margin-top:var(--wp--preset--spacing--30);margin-bottom:var(--wp--preset--spacing--30)\">Mi\u00e9rt aj\u00e1nlja a c\u00e9get, ahol dolgozik?<\/h4>\n\n\n\n<p>A PPC Renewables Rom\u00e1ni\u00e1t aj\u00e1nlan\u00e1m m\u00e1s, hasonl\u00f3 h\u00e1tt\u00e9rrel rendelkez\u0151 szakembereknek, mert ez egy er\u0151s v\u00e1llalat, ahol minden szinten fejl\u0151dhetsz.<\/p>\n\n\n\n<div style=\"height:32px\" aria-hidden=\"true\" class=\"wp-block-spacer\"><\/div>\n\n\n\n<blockquote class=\"wp-block-quote is-style-default is-layout-flow wp-block-quote-is-layout-flow\">\n<p class=\"has-text-align-left\">\u201eA z\u00f6ld energia a j\u00f6v\u0151 energi\u00e1ja. Ez egy olyan ter\u00fclet, amely exponenci\u00e1lisan fog n\u00f6vekedni az elk\u00f6vetkez\u0151 \u00e9vekben.\u201d<\/p>\n<cite>R\u0103zvan Petrache, fotovoltaikus technikus PPC Renewables PPC Renewables Rom\u00e1nia<\/cite><\/blockquote>\n\n\n\n<div style=\"height:96px\" aria-hidden=\"true\" class=\"wp-block-spacer\"><\/div>\n<\/div>\n\n\n\n<div class=\"wp-block-column is-layout-flow wp-block-column-is-layout-flow\" style=\"flex-basis:33.33%\"><\/div>\n<\/div>\n\n\n\n<div style=\"height:48px\" aria-hidden=\"true\" class=\"wp-block-spacer\"><\/div>\n","protected":false},"excerpt":{"rendered":"<p>PPC Renewables Tapasztalat: R\u0103zvan Petrache Megh\u00edvjuk \u00d6nt, hogy csatlakozzon a PPC Renewables Rom\u00e1nia csapat\u00e1hoz, \u00e9s ismerje meg a szakembereket, akikkel egy\u00fctt dolgozunk. R\u0103zvan Petrache (49 \u00e9ves) fotovoltaikus technikus. Munkahely: PV-technikus Fotovoltaikus rendszertechnikusk\u00e9nt az a feladatom, hogy biztos\u00edtsam, hogy a Giurgiu megyei C\u0103lug\u0103reniben tal\u00e1lhat\u00f3 Lumina fotovoltaikus er\u0151m\u0171 a norm\u00e1lis param\u00e9tereken bel\u00fcl m\u0171k\u00f6dj\u00f6n. A termel\u00e9s maximaliz\u00e1l\u00e1sa \u00e9rdek\u00e9ben [&hellip;]<\/p>\n","protected":false},"author":14,"featured_media":18163,"parent":18549,"menu_order":0,"comment_status":"closed","ping_status":"closed","template":"","meta":{"_acf_changed":false,"footnotes":""},"class_list":["post-18162","page","type-page","status-publish","has-post-thumbnail","hentry"],"acf":[],"yoast_head":"<!-- This site is optimized with the Yoast SEO Premium plugin v21.8 (Yoast SEO v27.3) - https:\/\/yoast.com\/product\/yoast-seo-premium-wordpress\/ -->\n<title>PPC szak\u00e9rtelem: R\u0103zvan Petrache - PPC<\/title>\n<meta name=\"description\" content=\"Razvan Petrache egy fotovoltaikus technikus.\" \/>\n<meta name=\"robots\" content=\"index, follow, max-snippet:-1, max-image-preview:large, max-video-preview:-1\" \/>\n<link rel=\"canonical\" href=\"https:\/\/www.ppcenergy.ro\/hu\/karrier\/karrierlehetosegek\/ppc-tapasztalat\/razvanpetrache\/\" \/>\n<meta property=\"og:locale\" content=\"hu_HU\" \/>\n<meta property=\"og:type\" content=\"article\" \/>\n<meta property=\"og:title\" content=\"PPC szak\u00e9rtelem: R\u0103zvan Petrache\" \/>\n<meta property=\"og:description\" content=\"Razvan Petrache egy fotovoltaikus technikus.\" \/>\n<meta property=\"og:url\" content=\"https:\/\/www.ppcenergy.ro\/hu\/karrier\/karrierlehetosegek\/ppc-tapasztalat\/razvanpetrache\/\" \/>\n<meta property=\"og:site_name\" content=\"PPC\" \/>\n<meta property=\"article:publisher\" content=\"https:\/\/www.facebook.com\/ppcenergy\" \/>\n<meta property=\"article:modified_time\" content=\"2025-06-03T18:37:27+00:00\" \/>\n<meta property=\"og:image\" content=\"https:\/\/www.ppcenergy.ro\/wp-content\/uploads\/razvan-p.webp\" \/>\n\t<meta property=\"og:image:width\" content=\"3840\" \/>\n\t<meta property=\"og:image:height\" content=\"2160\" \/>\n\t<meta property=\"og:image:type\" content=\"image\/webp\" \/>\n<meta name=\"twitter:card\" content=\"summary_large_image\" \/>\n<meta name=\"twitter:title\" content=\"PPC Renewables Tapasztalat: R\u0103zvan Petrache\" \/>\n<meta name=\"twitter:site\" content=\"@PPCEnergyRo\" \/>\n<meta name=\"twitter:label1\" content=\"Est. reading time\" \/>\n\t<meta name=\"twitter:data1\" content=\"2 perc\" \/>\n<script type=\"application\/ld+json\" class=\"yoast-schema-graph\">{\"@context\":\"https:\\\/\\\/schema.org\",\"@graph\":[{\"@type\":\"WebPage\",\"@id\":\"https:\\\/\\\/www.ppcenergy.ro\\\/hu\\\/karrier\\\/karrierlehetosegek\\\/ppc-tapasztalat\\\/razvanpetrache\\\/\",\"url\":\"https:\\\/\\\/www.ppcenergy.ro\\\/hu\\\/karrier\\\/karrierlehetosegek\\\/ppc-tapasztalat\\\/razvanpetrache\\\/\",\"name\":\"PPC szak\u00e9rtelem: R\u0103zvan Petrache - PPC\",\"isPartOf\":{\"@id\":\"https:\\\/\\\/www.ppcenergy.ro\\\/#website\"},\"primaryImageOfPage\":{\"@id\":\"https:\\\/\\\/www.ppcenergy.ro\\\/hu\\\/karrier\\\/karrierlehetosegek\\\/ppc-tapasztalat\\\/razvanpetrache\\\/#primaryimage\"},\"image\":{\"@id\":\"https:\\\/\\\/www.ppcenergy.ro\\\/hu\\\/karrier\\\/karrierlehetosegek\\\/ppc-tapasztalat\\\/razvanpetrache\\\/#primaryimage\"},\"thumbnailUrl\":\"https:\\\/\\\/www.ppcenergy.ro\\\/wp-content\\\/uploads\\\/razvan-p.webp\",\"datePublished\":\"2024-04-04T12:11:57+00:00\",\"dateModified\":\"2025-06-03T18:37:27+00:00\",\"description\":\"Razvan Petrache egy fotovoltaikus technikus.\",\"breadcrumb\":{\"@id\":\"https:\\\/\\\/www.ppcenergy.ro\\\/hu\\\/karrier\\\/karrierlehetosegek\\\/ppc-tapasztalat\\\/razvanpetrache\\\/#breadcrumb\"},\"inLanguage\":\"hu\",\"potentialAction\":[{\"@type\":\"ReadAction\",\"target\":[\"https:\\\/\\\/www.ppcenergy.ro\\\/hu\\\/karrier\\\/karrierlehetosegek\\\/ppc-tapasztalat\\\/razvanpetrache\\\/\"]}]},{\"@type\":\"ImageObject\",\"inLanguage\":\"hu\",\"@id\":\"https:\\\/\\\/www.ppcenergy.ro\\\/hu\\\/karrier\\\/karrierlehetosegek\\\/ppc-tapasztalat\\\/razvanpetrache\\\/#primaryimage\",\"url\":\"https:\\\/\\\/www.ppcenergy.ro\\\/wp-content\\\/uploads\\\/razvan-p.webp\",\"contentUrl\":\"https:\\\/\\\/www.ppcenergy.ro\\\/wp-content\\\/uploads\\\/razvan-p.webp\",\"width\":3840,\"height\":2160},{\"@type\":\"BreadcrumbList\",\"@id\":\"https:\\\/\\\/www.ppcenergy.ro\\\/hu\\\/karrier\\\/karrierlehetosegek\\\/ppc-tapasztalat\\\/razvanpetrache\\\/#breadcrumb\",\"itemListElement\":[{\"@type\":\"ListItem\",\"position\":1,\"name\":\"Home\",\"item\":\"https:\\\/\\\/www.ppcenergy.ro\\\/hu\\\/\"},{\"@type\":\"ListItem\",\"position\":2,\"name\":\"Karrier\",\"item\":\"https:\\\/\\\/www.ppcenergy.ro\\\/hu\\\/karrier\\\/\"},{\"@type\":\"ListItem\",\"position\":3,\"name\":\"Karrierlehet\u0151s\u00e9gek\",\"item\":\"https:\\\/\\\/www.ppcenergy.ro\\\/hu\\\/karrier\\\/karrierlehetosegek\\\/\"},{\"@type\":\"ListItem\",\"position\":4,\"name\":\"PPC Tapasztalat\",\"item\":\"https:\\\/\\\/www.ppcenergy.ro\\\/hu\\\/karrier\\\/karrierlehetosegek\\\/ppc-tapasztalat\\\/\"},{\"@type\":\"ListItem\",\"position\":5,\"name\":\"PPC Renewables Tapasztalat: R\u0103zvan Petrache\"}]},{\"@type\":\"WebSite\",\"@id\":\"https:\\\/\\\/www.ppcenergy.ro\\\/#website\",\"url\":\"https:\\\/\\\/www.ppcenergy.ro\\\/\",\"name\":\"PPC\",\"description\":\"Energy\",\"publisher\":{\"@id\":\"https:\\\/\\\/www.ppcenergy.ro\\\/#organization\"},\"potentialAction\":[{\"@type\":\"SearchAction\",\"target\":{\"@type\":\"EntryPoint\",\"urlTemplate\":\"https:\\\/\\\/www.ppcenergy.ro\\\/?s={search_term_string}\"},\"query-input\":{\"@type\":\"PropertyValueSpecification\",\"valueRequired\":true,\"valueName\":\"search_term_string\"}}],\"inLanguage\":\"hu\"},{\"@type\":\"Organization\",\"@id\":\"https:\\\/\\\/www.ppcenergy.ro\\\/#organization\",\"name\":\"PPC\",\"url\":\"https:\\\/\\\/www.ppcenergy.ro\\\/\",\"logo\":{\"@type\":\"ImageObject\",\"inLanguage\":\"hu\",\"@id\":\"https:\\\/\\\/www.ppcenergy.ro\\\/#\\\/schema\\\/logo\\\/image\\\/\",\"url\":\"https:\\\/\\\/www.ppcenergy.ro\\\/wp-content\\\/uploads\\\/cropped-favicon.webp\",\"contentUrl\":\"https:\\\/\\\/www.ppcenergy.ro\\\/wp-content\\\/uploads\\\/cropped-favicon.webp\",\"width\":512,\"height\":512,\"caption\":\"PPC\"},\"image\":{\"@id\":\"https:\\\/\\\/www.ppcenergy.ro\\\/#\\\/schema\\\/logo\\\/image\\\/\"},\"sameAs\":[\"https:\\\/\\\/www.facebook.com\\\/ppcenergy\",\"https:\\\/\\\/x.com\\\/PPCEnergyRo\",\"https:\\\/\\\/www.instagram.com\\\/ppcenergyro\\\/\",\"https:\\\/\\\/www.youtube.com\\\/@PPCEnergy\",\"https:\\\/\\\/www.linkedin.com\\\/company\\\/ppc-energy\\\/\"]}]}<\/script>\n<!-- \/ Yoast SEO Premium plugin. -->","yoast_head_json":{"title":"PPC szak\u00e9rtelem: R\u0103zvan Petrache - PPC","description":"Razvan Petrache egy fotovoltaikus technikus.","robots":{"index":"index","follow":"follow","max-snippet":"max-snippet:-1","max-image-preview":"max-image-preview:large","max-video-preview":"max-video-preview:-1"},"canonical":"https:\/\/www.ppcenergy.ro\/hu\/karrier\/karrierlehetosegek\/ppc-tapasztalat\/razvanpetrache\/","og_locale":"hu_HU","og_type":"article","og_title":"PPC szak\u00e9rtelem: R\u0103zvan Petrache","og_description":"Razvan Petrache egy fotovoltaikus technikus.","og_url":"https:\/\/www.ppcenergy.ro\/hu\/karrier\/karrierlehetosegek\/ppc-tapasztalat\/razvanpetrache\/","og_site_name":"PPC","article_publisher":"https:\/\/www.facebook.com\/ppcenergy","article_modified_time":"2025-06-03T18:37:27+00:00","og_image":[{"width":3840,"height":2160,"url":"https:\/\/www.ppcenergy.ro\/wp-content\/uploads\/razvan-p.webp","type":"image\/webp"}],"twitter_card":"summary_large_image","twitter_title":"PPC Renewables Tapasztalat: R\u0103zvan Petrache","twitter_site":"@PPCEnergyRo","twitter_misc":{"Est. reading time":"2 perc"},"schema":{"@context":"https:\/\/schema.org","@graph":[{"@type":"WebPage","@id":"https:\/\/www.ppcenergy.ro\/hu\/karrier\/karrierlehetosegek\/ppc-tapasztalat\/razvanpetrache\/","url":"https:\/\/www.ppcenergy.ro\/hu\/karrier\/karrierlehetosegek\/ppc-tapasztalat\/razvanpetrache\/","name":"PPC szak\u00e9rtelem: R\u0103zvan Petrache - PPC","isPartOf":{"@id":"https:\/\/www.ppcenergy.ro\/#website"},"primaryImageOfPage":{"@id":"https:\/\/www.ppcenergy.ro\/hu\/karrier\/karrierlehetosegek\/ppc-tapasztalat\/razvanpetrache\/#primaryimage"},"image":{"@id":"https:\/\/www.ppcenergy.ro\/hu\/karrier\/karrierlehetosegek\/ppc-tapasztalat\/razvanpetrache\/#primaryimage"},"thumbnailUrl":"https:\/\/www.ppcenergy.ro\/wp-content\/uploads\/razvan-p.webp","datePublished":"2024-04-04T12:11:57+00:00","dateModified":"2025-06-03T18:37:27+00:00","description":"Razvan Petrache egy fotovoltaikus technikus.","breadcrumb":{"@id":"https:\/\/www.ppcenergy.ro\/hu\/karrier\/karrierlehetosegek\/ppc-tapasztalat\/razvanpetrache\/#breadcrumb"},"inLanguage":"hu","potentialAction":[{"@type":"ReadAction","target":["https:\/\/www.ppcenergy.ro\/hu\/karrier\/karrierlehetosegek\/ppc-tapasztalat\/razvanpetrache\/"]}]},{"@type":"ImageObject","inLanguage":"hu","@id":"https:\/\/www.ppcenergy.ro\/hu\/karrier\/karrierlehetosegek\/ppc-tapasztalat\/razvanpetrache\/#primaryimage","url":"https:\/\/www.ppcenergy.ro\/wp-content\/uploads\/razvan-p.webp","contentUrl":"https:\/\/www.ppcenergy.ro\/wp-content\/uploads\/razvan-p.webp","width":3840,"height":2160},{"@type":"BreadcrumbList","@id":"https:\/\/www.ppcenergy.ro\/hu\/karrier\/karrierlehetosegek\/ppc-tapasztalat\/razvanpetrache\/#breadcrumb","itemListElement":[{"@type":"ListItem","position":1,"name":"Home","item":"https:\/\/www.ppcenergy.ro\/hu\/"},{"@type":"ListItem","position":2,"name":"Karrier","item":"https:\/\/www.ppcenergy.ro\/hu\/karrier\/"},{"@type":"ListItem","position":3,"name":"Karrierlehet\u0151s\u00e9gek","item":"https:\/\/www.ppcenergy.ro\/hu\/karrier\/karrierlehetosegek\/"},{"@type":"ListItem","position":4,"name":"PPC Tapasztalat","item":"https:\/\/www.ppcenergy.ro\/hu\/karrier\/karrierlehetosegek\/ppc-tapasztalat\/"},{"@type":"ListItem","position":5,"name":"PPC Renewables Tapasztalat: R\u0103zvan Petrache"}]},{"@type":"WebSite","@id":"https:\/\/www.ppcenergy.ro\/#website","url":"https:\/\/www.ppcenergy.ro\/","name":"PPC","description":"Energy","publisher":{"@id":"https:\/\/www.ppcenergy.ro\/#organization"},"potentialAction":[{"@type":"SearchAction","target":{"@type":"EntryPoint","urlTemplate":"https:\/\/www.ppcenergy.ro\/?s={search_term_string}"},"query-input":{"@type":"PropertyValueSpecification","valueRequired":true,"valueName":"search_term_string"}}],"inLanguage":"hu"},{"@type":"Organization","@id":"https:\/\/www.ppcenergy.ro\/#organization","name":"PPC","url":"https:\/\/www.ppcenergy.ro\/","logo":{"@type":"ImageObject","inLanguage":"hu","@id":"https:\/\/www.ppcenergy.ro\/#\/schema\/logo\/image\/","url":"https:\/\/www.ppcenergy.ro\/wp-content\/uploads\/cropped-favicon.webp","contentUrl":"https:\/\/www.ppcenergy.ro\/wp-content\/uploads\/cropped-favicon.webp","width":512,"height":512,"caption":"PPC"},"image":{"@id":"https:\/\/www.ppcenergy.ro\/#\/schema\/logo\/image\/"},"sameAs":["https:\/\/www.facebook.com\/ppcenergy","https:\/\/x.com\/PPCEnergyRo","https:\/\/www.instagram.com\/ppcenergyro\/","https:\/\/www.youtube.com\/@PPCEnergy","https:\/\/www.linkedin.com\/company\/ppc-energy\/"]}]}},"parsely":{"version":"1.1.0","canonical_url":"https:\/\/ppcenergy.ro\/hu\/karrier\/karrierlehetosegek\/ppc-tapasztalat\/razvanpetrache\/","smart_links":{"inbound":0,"outbound":0},"traffic_boost_suggestions_count":0,"meta":{"@context":"https:\/\/schema.org","@type":"WebPage","headline":"PPC Renewables Tapasztalat: R\u0103zvan Petrache","url":"https:\/\/www.ppcenergy.ro\/hu\/karrier\/karrierlehetosegek\/ppc-tapasztalat\/razvanpetrache\/","mainEntityOfPage":{"@type":"WebPage","@id":"https:\/\/www.ppcenergy.ro\/hu\/karrier\/karrierlehetosegek\/ppc-tapasztalat\/razvanpetrache\/"},"thumbnailUrl":"https:\/\/www.ppcenergy.ro\/wp-content\/uploads\/razvan-p.webp?w=150&h=150&crop=1","image":{"@type":"ImageObject","url":"https:\/\/www.ppcenergy.ro\/wp-content\/uploads\/razvan-p.webp"},"articleSection":"Uncategorized @hu","author":[{"@type":"Person","name":"Zvetlana Zaharia"}],"creator":["Zvetlana Zaharia"],"publisher":{"@type":"Organization","name":"PPC","logo":""},"keywords":[],"dateCreated":"2024-04-04T12:11:57Z","datePublished":"2024-04-04T12:11:57Z","dateModified":"2025-06-03T18:37:27Z"},"rendered":"<meta name=\"parsely-title\" content=\"PPC Renewables Tapasztalat: R\u0103zvan Petrache\" \/>\n<meta name=\"parsely-link\" content=\"https:\/\/www.ppcenergy.ro\/hu\/karrier\/karrierlehetosegek\/ppc-tapasztalat\/razvanpetrache\/\" \/>\n<meta name=\"parsely-type\" content=\"index\" \/>\n<meta name=\"parsely-image-url\" content=\"https:\/\/www.ppcenergy.ro\/wp-content\/uploads\/razvan-p.webp?w=150&amp;h=150&amp;crop=1\" \/>\n<meta name=\"parsely-pub-date\" content=\"2024-04-04T12:11:57Z\" \/>\n<meta name=\"parsely-section\" content=\"Uncategorized @hu\" \/>\n<meta name=\"parsely-author\" content=\"Zvetlana Zaharia\" \/>","tracker_url":"https:\/\/cdn.parsely.com\/keys\/ppcenergy.ro\/p.js"},"_links":{"self":[{"href":"https:\/\/www.ppcenergy.ro\/hu\/wp-json\/wp\/v2\/pages\/18162","targetHints":{"allow":["GET"]}}],"collection":[{"href":"https:\/\/www.ppcenergy.ro\/hu\/wp-json\/wp\/v2\/pages"}],"about":[{"href":"https:\/\/www.ppcenergy.ro\/hu\/wp-json\/wp\/v2\/types\/page"}],"author":[{"embeddable":true,"href":"https:\/\/www.ppcenergy.ro\/hu\/wp-json\/wp\/v2\/users\/14"}],"replies":[{"embeddable":true,"href":"https:\/\/www.ppcenergy.ro\/hu\/wp-json\/wp\/v2\/comments?post=18162"}],"version-history":[{"count":4,"href":"https:\/\/www.ppcenergy.ro\/hu\/wp-json\/wp\/v2\/pages\/18162\/revisions"}],"predecessor-version":[{"id":18555,"href":"https:\/\/www.ppcenergy.ro\/hu\/wp-json\/wp\/v2\/pages\/18162\/revisions\/18555"}],"up":[{"embeddable":true,"href":"https:\/\/www.ppcenergy.ro\/hu\/wp-json\/wp\/v2\/pages\/18549"}],"wp:featuredmedia":[{"embeddable":true,"href":"https:\/\/www.ppcenergy.ro\/hu\/wp-json\/wp\/v2\/media\/18163"}],"wp:attachment":[{"href":"https:\/\/www.ppcenergy.ro\/hu\/wp-json\/wp\/v2\/media?parent=18162"}],"curies":[{"name":"wp","href":"https:\/\/api.w.org\/{rel}","templated":true}]}}