{"id":17935,"date":"2024-03-18T16:57:34","date_gmt":"2024-03-18T14:57:34","guid":{"rendered":"https:\/\/www.ppcenergy.ro\/ppc-renewables\/surse-de-energie-regenerabila\/"},"modified":"2025-06-02T13:00:34","modified_gmt":"2025-06-02T10:00:34","slug":"megujulo-energiaforrasok","status":"publish","type":"page","link":"https:\/\/www.ppcenergy.ro\/hu\/ppcrenewables\/megujulo-energiaforrasok\/","title":{"rendered":"Meg\u00fajul\u00f3 energiaforr\u00e1sok"},"content":{"rendered":"<section id=\"\" class=\"block-top-product \">\n    <div class='top-product'>\n                <div class=\"full-slide  gradientproduct  articles left slider-type-gradinetimage\">\n                                        <div\n                    class='gradient desktop bottomleft green  seven_per_row'>\n                    <div class='line line1'><\/div>\n                    <div class='line line2'><\/div>\n                    <div class='line line3'><\/div>\n                    <div class='line line4'><\/div>\n                                            <div class='line line5'><\/div>\n                        <div class='line line6'><\/div>\n                        <div class='line line7'><\/div>\n                                                        <\/div>\n                                                            <div class=\"product-image bottomleft green\">\n                        <img loading=\"lazy\" decoding=\"async\" width=\"1024\" height=\"683\" src=\"https:\/\/www.ppcenergy.ro\/wp-content\/uploads\/surse-energie-regenerabila-1.webp?w=1024\" class=\"attachment-gradientproduct size-gradientproduct\" alt=\"\" srcset=\"https:\/\/www.ppcenergy.ro\/wp-content\/uploads\/surse-energie-regenerabila-1.webp 6000w, https:\/\/www.ppcenergy.ro\/wp-content\/uploads\/surse-energie-regenerabila-1.webp?resize=300,200 300w, https:\/\/www.ppcenergy.ro\/wp-content\/uploads\/surse-energie-regenerabila-1.webp?resize=768,512 768w, https:\/\/www.ppcenergy.ro\/wp-content\/uploads\/surse-energie-regenerabila-1.webp?resize=1024,683 1024w, https:\/\/www.ppcenergy.ro\/wp-content\/uploads\/surse-energie-regenerabila-1.webp?resize=1536,1024 1536w, https:\/\/www.ppcenergy.ro\/wp-content\/uploads\/surse-energie-regenerabila-1.webp?resize=2048,1365 2048w, https:\/\/www.ppcenergy.ro\/wp-content\/uploads\/surse-energie-regenerabila-1.webp?resize=75,50 75w\" sizes=\"auto, (max-width: 1024px) 100vw, 1024px\" \/>                    <\/div>\n                \n                                        <div class=\"product-textbox  text-color-white\">\n                                            <div\n                            class='gradient mobile bottomleft green  seven_per_row'>\n                            <div class='line line1'><\/div>\n                            <div class='line line2'><\/div>\n                            <div class='line line3'><\/div>\n                            <div class='line line4'><\/div>\n                                                            <div class='line line5'><\/div>\n                                <div class='line line6'><\/div>\n                                <div class='line line7'><\/div>\n                                                                                <\/div>\n                    \n                                                                                    <h2 class=\"title\">\n                        Tiszta energiaforr\u00e1sok                        <\/h2>\n                                                                                    <div class=\"text\">\n                            <p><p>A PPC Renewables Rom\u00e1nia sz\u00e9l-, nap- \u00e9s v\u00edzer\u0151m\u0171vekb\u0151l termel z\u00f6ld energi\u00e1t.<\/p>\n<\/p>\n                        <\/div>\n                                                                                \n                                                        <\/div>\n                    <\/div>\n    <\/div>\n<\/section>\n\n<section id=\"\" class=\"block-breadcrumbs\">\n    <ul id=\"breadcrumbs\" itemprop=\"breadcrumb\" class=\"breadcrumbs\"><li><a rel=\"home\" href=\"https:\/\/www.ppcenergy.ro\/hu\/\"><span class=\"logo-breadcrumbs\"><\/span><\/a><\/li><\/ul><\/section>\n\n\n<div style=\"height:32px\" aria-hidden=\"true\" class=\"wp-block-spacer\"><\/div>\n\n\n\n<div class=\"wp-block-columns is-layout-flex wp-container-core-columns-is-layout-28f84493 wp-block-columns-is-layout-flex\">\n<div class=\"wp-block-column is-layout-flow wp-block-column-is-layout-flow\" style=\"flex-basis:66.66%\">\n<h1 class=\"wp-block-heading\" id=\"h-megujulo-energiaforrasok\" style=\"margin-top:var(--wp--preset--spacing--30);margin-bottom:var(--wp--preset--spacing--30);text-transform:none\">Meg\u00fajul\u00f3 energiaforr\u00e1sok<\/h1>\n\n\n\n<div style=\"height:16px\" aria-hidden=\"true\" class=\"wp-block-spacer\"><\/div>\n\n\n\n<p style=\"margin-top:var(--wp--preset--spacing--30);margin-bottom:var(--wp--preset--spacing--30)\">A PPC Renewables, a PPC Csoport meg\u00fajul\u00f3 energi\u00e1val foglalkoz\u00f3 v\u00e1llalata fenntarthat\u00f3 energi\u00e1t termel t\u00f6bbf\u00e9le forr\u00e1sb\u00f3l: sz\u00e9l, napenergia, v\u00edz, geotermikus energia, biomassza \u00e9s hibrid energia.<\/p>\n\n\n\n<p style=\"margin-top:var(--wp--preset--spacing--30);margin-bottom:var(--wp--preset--spacing--30)\">Rom\u00e1ni\u00e1ban a felhaszn\u00e1lt meg\u00fajul\u00f3 energiaforr\u00e1sok a sz\u00e9l-, a nap- \u00e9s a v\u00edzer\u0151m\u0171vek, sz\u00e9l-, nap- \u00e9s v\u00edzer\u0151m\u0171veink teljes be\u00e9p\u00edtett kapacit\u00e1sa meghaladja az 1330 MW-ot.<\/p>\n\n\n\n<div style=\"height:32px\" aria-hidden=\"true\" class=\"wp-block-spacer\"><\/div>\n\n\n\n<h3 class=\"wp-block-heading\" id=\"h-nap-szel-es-viz-kimerithetetlen-eroforrasok\" style=\"text-transform:none\">Nap, sz\u00e9l \u00e9s v\u00edz, kimer\u00edthetetlen er\u0151forr\u00e1sok<\/h3>\n\n\n\n<p style=\"margin-top:var(--wp--preset--spacing--30);margin-bottom:var(--wp--preset--spacing--30)\">A nap, a sz\u00e9l \u00e9s a v\u00edz kimer\u00edthetetlen energiaforr\u00e1sok. T\u00f6bb mint egy \u00e9vtizede hasznos\u00edtjuk a sz\u00e9l erej\u00e9t a Dobrogea \u00e9s a B\u00e1n\u00e1t vonz\u00f3 t\u00e1jain tal\u00e1lhat\u00f3 sz\u00e9ler\u0151m\u0171veinkben.<\/p>\n\n\n\n<p>A napenergia k\u00f6zvetlen\u00fcl vagy k\u00f6zvetve villamos energi\u00e1v\u00e1 alak\u00edthat\u00f3. A fotovoltaikus rendszerek k\u00f6zvetlen\u00fcl hasznos\u00edtj\u00e1k a napenergi\u00e1t, \u00e9s a fotovoltaikus hat\u00e1snak k\u00f6sz\u00f6nhet\u0151en villamos energi\u00e1v\u00e1 alak\u00edtj\u00e1k azt. A Rom\u00e1nia d\u00e9li \u00e9s d\u00e9lnyugati r\u00e9sz\u00e9n tal\u00e1lhat\u00f3 nagy napenergia-potenci\u00e1l k\u00fcl\u00f6n\u00f6sen hat\u00e9konny\u00e1 teszi e technol\u00f3gia alkalmaz\u00e1s\u00e1t a Giurgiu, Dolj, Prahova, Teleorman \u00e9s Caras-Severin fotovoltaikus parkjainkban.<\/p>\n\n\n\n<p style=\"margin-top:var(--wp--preset--spacing--30);margin-bottom:var(--wp--preset--spacing--30)\">V\u00edzer\u0151m\u0171-rendszer\u00fcnk \u00f6t v\u00edzer\u0151m\u0171vet (Grebla, Cr\u0103inicel 1, Cr\u0103inicel 1, Cr\u0103inicel 2, Breazova 1 \u00e9s Breazova 2) \u00e9s kapcsol\u00f3d\u00f3 v\u00edzer\u0151m\u0171veket foglal mag\u00e1ban, t\u00f6bb mint 22 MW be\u00e9p\u00edtett kapacit\u00e1ssal. Tudjon meg t\u00f6bbet meg\u00fajul\u00f3 energiaforr\u00e1sainkr\u00f3l!<\/p>\n<\/div>\n\n\n\n<div class=\"wp-block-column is-layout-flow wp-block-column-is-layout-flow\" style=\"flex-basis:33.33%\"><\/div>\n<\/div>\n\n\n    <section id=\"\" class=\"block-image-carousel background-color-  block-typelist block-per-row3 slide-type-\">\n        <div class=\"gradient gradient-global  \">\n            <div class='line line1' style=\"\"><\/div>\n            <div class='line line2' style=\"\"><\/div>\n            <div class='line line3' style=\"\"><\/div>\n            <div class='line line4' style=\"\"><\/div>\n            <div class='line line5' style=\"\"><\/div>\n            <div class='line line6' style=\"\"><\/div>\n            <div class='line line7' style=\"\"><\/div>\n            <div class='line line8' style=\"\"><\/div>\n            <div class='line line9' style=\"\"><\/div>\n            <div class='line line10' style=\"\"><\/div>\n            <div class='line line11' style=\"\"><\/div>\n        <\/div>\n        <div class=\"pull-wrapper\">\n            <div class=\"upper container-pull\">\n                                            <\/div>\n            <div class='image-carousel-list' data-per-row=\"3\" data-size=\"\">\n                                    <div class=\"carousel-slide text-position-under\">\n                        <a href=\"https:\/\/www.ppcenergy.ro\/hu\/ppcrenewables\/ppcrenewables-romania\/fotovoltaikus-parkok\/\" title=\"Fotovoltaikus parkok\" class=\"carousel-image\">\n                            <img loading=\"lazy\" decoding=\"async\" width=\"1112\" height=\"800\" src=\"https:\/\/www.ppcenergy.ro\/wp-content\/uploads\/parcuri-fotovoltaice-1.webp?w=1112&amp;h=800&amp;crop=1\" class=\"attachment-carouselimage size-carouselimage\" alt=\"\" srcset=\"https:\/\/www.ppcenergy.ro\/wp-content\/uploads\/parcuri-fotovoltaice-1.webp?resize=1112,800 1112w, https:\/\/www.ppcenergy.ro\/wp-content\/uploads\/parcuri-fotovoltaice-1.webp?resize=628,452 628w\" sizes=\"auto, (max-width: 1112px) 100vw, 1112px\" \/>                                                        <\/a>\n                                                <div class=\"textbox\">\n                            <h3 class=\"title\">\n                                <a  href=\"https:\/\/www.ppcenergy.ro\/hu\/ppcrenewables\/ppcrenewables-romania\/fotovoltaikus-parkok\/\" title=\"Fotovoltaikus parkok\">\n                                    Fotovoltaikus parkok                                <\/a>\n                            <\/h3>\n                                                    <\/div>\n                                                <a class=\"global-link\" href=\"https:\/\/www.ppcenergy.ro\/hu\/ppcrenewables\/ppcrenewables-romania\/fotovoltaikus-parkok\/\" title=\"Fotovoltaikus parkok\"><span class=\"long-arrow right\"><\/span><\/a>\n                    <\/div>\n                                        <div class=\"carousel-slide text-position-under\">\n                        <a href=\"https:\/\/www.ppcenergy.ro\/hu\/ppcrenewables\/ppcrenewables-romania\/szeleromuveit\/\" title=\"Sz\u00e9ler\u0151m\u0171veit\" class=\"carousel-image\">\n                            <img loading=\"lazy\" decoding=\"async\" width=\"1112\" height=\"800\" src=\"https:\/\/www.ppcenergy.ro\/wp-content\/uploads\/parcuri_eoliene.webp?w=1112&amp;h=800&amp;crop=1\" class=\"attachment-carouselimage size-carouselimage\" alt=\"\" srcset=\"https:\/\/www.ppcenergy.ro\/wp-content\/uploads\/parcuri_eoliene.webp?resize=1112,800 1112w, https:\/\/www.ppcenergy.ro\/wp-content\/uploads\/parcuri_eoliene.webp?resize=628,452 628w\" sizes=\"auto, (max-width: 1112px) 100vw, 1112px\" \/>                                                        <\/a>\n                                                <div class=\"textbox\">\n                            <h3 class=\"title\">\n                                <a  href=\"https:\/\/www.ppcenergy.ro\/hu\/ppcrenewables\/ppcrenewables-romania\/szeleromuveit\/\" title=\"Sz\u00e9ler\u0151m\u0171veit\">\n                                    Sz\u00e9ler\u0151m\u0171veit                                <\/a>\n                            <\/h3>\n                                                    <\/div>\n                                                <a class=\"global-link\" href=\"https:\/\/www.ppcenergy.ro\/hu\/ppcrenewables\/ppcrenewables-romania\/szeleromuveit\/\" title=\"Sz\u00e9ler\u0151m\u0171veit\"><span class=\"long-arrow right\"><\/span><\/a>\n                    <\/div>\n                                        <div class=\"carousel-slide text-position-under\">\n                        <a href=\"https:\/\/www.ppcenergy.ro\/hu\/ppcrenewables\/vizenergia\/\" title=\"V\u00edzenergia\" class=\"carousel-image\">\n                            <img loading=\"lazy\" decoding=\"async\" width=\"1112\" height=\"800\" src=\"https:\/\/www.ppcenergy.ro\/wp-content\/uploads\/sistemul-hidroenergetic-caras-severin.webp?w=1112&amp;h=800&amp;crop=1\" class=\"attachment-carouselimage size-carouselimage\" alt=\"\" srcset=\"https:\/\/www.ppcenergy.ro\/wp-content\/uploads\/sistemul-hidroenergetic-caras-severin.webp?resize=1112,800 1112w, https:\/\/www.ppcenergy.ro\/wp-content\/uploads\/sistemul-hidroenergetic-caras-severin.webp?resize=628,452 628w\" sizes=\"auto, (max-width: 1112px) 100vw, 1112px\" \/>                                                        <\/a>\n                                                <div class=\"textbox\">\n                            <h3 class=\"title\">\n                                <a  href=\"https:\/\/www.ppcenergy.ro\/hu\/ppcrenewables\/vizenergia\/\" title=\"V\u00edzenergia\">\n                                    V\u00edzenergia                                <\/a>\n                            <\/h3>\n                                                    <\/div>\n                                                <a class=\"global-link\" href=\"https:\/\/www.ppcenergy.ro\/hu\/ppcrenewables\/vizenergia\/\" title=\"V\u00edzenergia\"><span class=\"long-arrow right\"><\/span><\/a>\n                    <\/div>\n                                <\/div>\n                    <\/div>\n    <\/section>\n\n\n\n<div style=\"height:48px\" aria-hidden=\"true\" class=\"wp-block-spacer\"><\/div>\n","protected":false},"excerpt":{"rendered":"<p>Meg\u00fajul\u00f3 energiaforr\u00e1sok A PPC Renewables, a PPC Csoport meg\u00fajul\u00f3 energi\u00e1val foglalkoz\u00f3 v\u00e1llalata fenntarthat\u00f3 energi\u00e1t termel t\u00f6bbf\u00e9le forr\u00e1sb\u00f3l: sz\u00e9l, napenergia, v\u00edz, geotermikus energia, biomassza \u00e9s hibrid energia. Rom\u00e1ni\u00e1ban a felhaszn\u00e1lt meg\u00fajul\u00f3 energiaforr\u00e1sok a sz\u00e9l-, a nap- \u00e9s a v\u00edzer\u0151m\u0171vek, sz\u00e9l-, nap- \u00e9s v\u00edzer\u0151m\u0171veink teljes be\u00e9p\u00edtett kapacit\u00e1sa meghaladja az 1330 MW-ot. Nap, sz\u00e9l \u00e9s v\u00edz, kimer\u00edthetetlen er\u0151forr\u00e1sok [&hellip;]<\/p>\n","protected":false},"author":48,"featured_media":17937,"parent":17917,"menu_order":0,"comment_status":"closed","ping_status":"closed","template":"","meta":{"_acf_changed":false,"footnotes":""},"class_list":["post-17935","page","type-page","status-publish","has-post-thumbnail","hentry"],"acf":[],"yoast_head":"<!-- This site is optimized with the Yoast SEO Premium plugin v21.8 (Yoast SEO v27.3) - https:\/\/yoast.com\/product\/yoast-seo-premium-wordpress\/ -->\n<title>Meg\u00fajul\u00f3 energiaforr\u00e1sok<\/title>\n<meta name=\"description\" content=\"Tudja meg, milyen meg\u00fajul\u00f3 energiaforr\u00e1sokat haszn\u00e1lunk a PPC Renewables Rom\u00e1ni\u00e1n\u00e1l!\" \/>\n<meta name=\"robots\" content=\"index, follow, max-snippet:-1, max-image-preview:large, max-video-preview:-1\" \/>\n<link rel=\"canonical\" href=\"https:\/\/www.ppcenergy.ro\/hu\/ppcrenewables\/megujulo-energiaforrasok\/\" \/>\n<meta property=\"og:locale\" content=\"hu_HU\" \/>\n<meta property=\"og:type\" content=\"article\" \/>\n<meta property=\"og:title\" content=\"Meg\u00fajul\u00f3 energiaforr\u00e1sok\" \/>\n<meta property=\"og:description\" content=\"Tudja meg, milyen meg\u00fajul\u00f3 energiaforr\u00e1sokat haszn\u00e1lunk a PPC Renewables Rom\u00e1ni\u00e1n\u00e1l!\" \/>\n<meta property=\"og:url\" content=\"https:\/\/www.ppcenergy.ro\/hu\/ppcrenewables\/megujulo-energiaforrasok\/\" \/>\n<meta property=\"og:site_name\" content=\"PPC\" \/>\n<meta property=\"article:publisher\" content=\"https:\/\/www.facebook.com\/ppcenergy\" \/>\n<meta property=\"article:modified_time\" content=\"2025-06-02T10:00:34+00:00\" \/>\n<meta property=\"og:image\" content=\"https:\/\/www.ppcenergy.ro\/wp-content\/uploads\/surse-energie-regenerabila-1.webp\" \/>\n\t<meta property=\"og:image:width\" content=\"6000\" \/>\n\t<meta property=\"og:image:height\" content=\"4000\" \/>\n\t<meta property=\"og:image:type\" content=\"image\/webp\" \/>\n<meta name=\"twitter:card\" content=\"summary_large_image\" \/>\n<meta name=\"twitter:title\" content=\"Meg\u00fajul\u00f3 energiaforr\u00e1sok\" \/>\n<meta name=\"twitter:site\" content=\"@PPCEnergyRo\" \/>\n<meta name=\"twitter:label1\" content=\"Est. reading time\" \/>\n\t<meta name=\"twitter:data1\" content=\"1 perc\" \/>\n<script type=\"application\/ld+json\" class=\"yoast-schema-graph\">{\"@context\":\"https:\\\/\\\/schema.org\",\"@graph\":[{\"@type\":\"WebPage\",\"@id\":\"https:\\\/\\\/www.ppcenergy.ro\\\/hu\\\/ppcrenewables\\\/megujulo-energiaforrasok\\\/\",\"url\":\"https:\\\/\\\/www.ppcenergy.ro\\\/hu\\\/ppcrenewables\\\/megujulo-energiaforrasok\\\/\",\"name\":\"Meg\u00fajul\u00f3 energiaforr\u00e1sok\",\"isPartOf\":{\"@id\":\"https:\\\/\\\/www.ppcenergy.ro\\\/#website\"},\"primaryImageOfPage\":{\"@id\":\"https:\\\/\\\/www.ppcenergy.ro\\\/hu\\\/ppcrenewables\\\/megujulo-energiaforrasok\\\/#primaryimage\"},\"image\":{\"@id\":\"https:\\\/\\\/www.ppcenergy.ro\\\/hu\\\/ppcrenewables\\\/megujulo-energiaforrasok\\\/#primaryimage\"},\"thumbnailUrl\":\"https:\\\/\\\/www.ppcenergy.ro\\\/wp-content\\\/uploads\\\/surse-energie-regenerabila-1.webp\",\"datePublished\":\"2024-03-18T14:57:34+00:00\",\"dateModified\":\"2025-06-02T10:00:34+00:00\",\"description\":\"Tudja meg, milyen meg\u00fajul\u00f3 energiaforr\u00e1sokat haszn\u00e1lunk a PPC Renewables Rom\u00e1ni\u00e1n\u00e1l!\",\"breadcrumb\":{\"@id\":\"https:\\\/\\\/www.ppcenergy.ro\\\/hu\\\/ppcrenewables\\\/megujulo-energiaforrasok\\\/#breadcrumb\"},\"inLanguage\":\"hu\",\"potentialAction\":[{\"@type\":\"ReadAction\",\"target\":[\"https:\\\/\\\/www.ppcenergy.ro\\\/hu\\\/ppcrenewables\\\/megujulo-energiaforrasok\\\/\"]}]},{\"@type\":\"ImageObject\",\"inLanguage\":\"hu\",\"@id\":\"https:\\\/\\\/www.ppcenergy.ro\\\/hu\\\/ppcrenewables\\\/megujulo-energiaforrasok\\\/#primaryimage\",\"url\":\"https:\\\/\\\/www.ppcenergy.ro\\\/wp-content\\\/uploads\\\/surse-energie-regenerabila-1.webp\",\"contentUrl\":\"https:\\\/\\\/www.ppcenergy.ro\\\/wp-content\\\/uploads\\\/surse-energie-regenerabila-1.webp\",\"width\":6000,\"height\":4000},{\"@type\":\"BreadcrumbList\",\"@id\":\"https:\\\/\\\/www.ppcenergy.ro\\\/hu\\\/ppcrenewables\\\/megujulo-energiaforrasok\\\/#breadcrumb\",\"itemListElement\":[{\"@type\":\"ListItem\",\"position\":1,\"name\":\"Home\",\"item\":\"https:\\\/\\\/www.ppcenergy.ro\\\/hu\\\/\"},{\"@type\":\"ListItem\",\"position\":2,\"name\":\"PPC Renewables\",\"item\":\"https:\\\/\\\/www.ppcenergy.ro\\\/hu\\\/ppcrenewables\\\/\"},{\"@type\":\"ListItem\",\"position\":3,\"name\":\"Meg\u00fajul\u00f3 energiaforr\u00e1sok\"}]},{\"@type\":\"WebSite\",\"@id\":\"https:\\\/\\\/www.ppcenergy.ro\\\/#website\",\"url\":\"https:\\\/\\\/www.ppcenergy.ro\\\/\",\"name\":\"PPC\",\"description\":\"Energy\",\"publisher\":{\"@id\":\"https:\\\/\\\/www.ppcenergy.ro\\\/#organization\"},\"potentialAction\":[{\"@type\":\"SearchAction\",\"target\":{\"@type\":\"EntryPoint\",\"urlTemplate\":\"https:\\\/\\\/www.ppcenergy.ro\\\/?s={search_term_string}\"},\"query-input\":{\"@type\":\"PropertyValueSpecification\",\"valueRequired\":true,\"valueName\":\"search_term_string\"}}],\"inLanguage\":\"hu\"},{\"@type\":\"Organization\",\"@id\":\"https:\\\/\\\/www.ppcenergy.ro\\\/#organization\",\"name\":\"PPC\",\"url\":\"https:\\\/\\\/www.ppcenergy.ro\\\/\",\"logo\":{\"@type\":\"ImageObject\",\"inLanguage\":\"hu\",\"@id\":\"https:\\\/\\\/www.ppcenergy.ro\\\/#\\\/schema\\\/logo\\\/image\\\/\",\"url\":\"https:\\\/\\\/www.ppcenergy.ro\\\/wp-content\\\/uploads\\\/cropped-favicon.webp\",\"contentUrl\":\"https:\\\/\\\/www.ppcenergy.ro\\\/wp-content\\\/uploads\\\/cropped-favicon.webp\",\"width\":512,\"height\":512,\"caption\":\"PPC\"},\"image\":{\"@id\":\"https:\\\/\\\/www.ppcenergy.ro\\\/#\\\/schema\\\/logo\\\/image\\\/\"},\"sameAs\":[\"https:\\\/\\\/www.facebook.com\\\/ppcenergy\",\"https:\\\/\\\/x.com\\\/PPCEnergyRo\",\"https:\\\/\\\/www.instagram.com\\\/ppcenergyro\\\/\",\"https:\\\/\\\/www.youtube.com\\\/@PPCEnergy\",\"https:\\\/\\\/www.linkedin.com\\\/company\\\/ppc-energy\\\/\"]}]}<\/script>\n<!-- \/ Yoast SEO Premium plugin. -->","yoast_head_json":{"title":"Meg\u00fajul\u00f3 energiaforr\u00e1sok","description":"Tudja meg, milyen meg\u00fajul\u00f3 energiaforr\u00e1sokat haszn\u00e1lunk a PPC Renewables Rom\u00e1ni\u00e1n\u00e1l!","robots":{"index":"index","follow":"follow","max-snippet":"max-snippet:-1","max-image-preview":"max-image-preview:large","max-video-preview":"max-video-preview:-1"},"canonical":"https:\/\/www.ppcenergy.ro\/hu\/ppcrenewables\/megujulo-energiaforrasok\/","og_locale":"hu_HU","og_type":"article","og_title":"Meg\u00fajul\u00f3 energiaforr\u00e1sok","og_description":"Tudja meg, milyen meg\u00fajul\u00f3 energiaforr\u00e1sokat haszn\u00e1lunk a PPC Renewables Rom\u00e1ni\u00e1n\u00e1l!","og_url":"https:\/\/www.ppcenergy.ro\/hu\/ppcrenewables\/megujulo-energiaforrasok\/","og_site_name":"PPC","article_publisher":"https:\/\/www.facebook.com\/ppcenergy","article_modified_time":"2025-06-02T10:00:34+00:00","og_image":[{"width":6000,"height":4000,"url":"https:\/\/www.ppcenergy.ro\/wp-content\/uploads\/surse-energie-regenerabila-1.webp","type":"image\/webp"}],"twitter_card":"summary_large_image","twitter_title":"Meg\u00fajul\u00f3 energiaforr\u00e1sok","twitter_site":"@PPCEnergyRo","twitter_misc":{"Est. reading time":"1 perc"},"schema":{"@context":"https:\/\/schema.org","@graph":[{"@type":"WebPage","@id":"https:\/\/www.ppcenergy.ro\/hu\/ppcrenewables\/megujulo-energiaforrasok\/","url":"https:\/\/www.ppcenergy.ro\/hu\/ppcrenewables\/megujulo-energiaforrasok\/","name":"Meg\u00fajul\u00f3 energiaforr\u00e1sok","isPartOf":{"@id":"https:\/\/www.ppcenergy.ro\/#website"},"primaryImageOfPage":{"@id":"https:\/\/www.ppcenergy.ro\/hu\/ppcrenewables\/megujulo-energiaforrasok\/#primaryimage"},"image":{"@id":"https:\/\/www.ppcenergy.ro\/hu\/ppcrenewables\/megujulo-energiaforrasok\/#primaryimage"},"thumbnailUrl":"https:\/\/www.ppcenergy.ro\/wp-content\/uploads\/surse-energie-regenerabila-1.webp","datePublished":"2024-03-18T14:57:34+00:00","dateModified":"2025-06-02T10:00:34+00:00","description":"Tudja meg, milyen meg\u00fajul\u00f3 energiaforr\u00e1sokat haszn\u00e1lunk a PPC Renewables Rom\u00e1ni\u00e1n\u00e1l!","breadcrumb":{"@id":"https:\/\/www.ppcenergy.ro\/hu\/ppcrenewables\/megujulo-energiaforrasok\/#breadcrumb"},"inLanguage":"hu","potentialAction":[{"@type":"ReadAction","target":["https:\/\/www.ppcenergy.ro\/hu\/ppcrenewables\/megujulo-energiaforrasok\/"]}]},{"@type":"ImageObject","inLanguage":"hu","@id":"https:\/\/www.ppcenergy.ro\/hu\/ppcrenewables\/megujulo-energiaforrasok\/#primaryimage","url":"https:\/\/www.ppcenergy.ro\/wp-content\/uploads\/surse-energie-regenerabila-1.webp","contentUrl":"https:\/\/www.ppcenergy.ro\/wp-content\/uploads\/surse-energie-regenerabila-1.webp","width":6000,"height":4000},{"@type":"BreadcrumbList","@id":"https:\/\/www.ppcenergy.ro\/hu\/ppcrenewables\/megujulo-energiaforrasok\/#breadcrumb","itemListElement":[{"@type":"ListItem","position":1,"name":"Home","item":"https:\/\/www.ppcenergy.ro\/hu\/"},{"@type":"ListItem","position":2,"name":"PPC Renewables","item":"https:\/\/www.ppcenergy.ro\/hu\/ppcrenewables\/"},{"@type":"ListItem","position":3,"name":"Meg\u00fajul\u00f3 energiaforr\u00e1sok"}]},{"@type":"WebSite","@id":"https:\/\/www.ppcenergy.ro\/#website","url":"https:\/\/www.ppcenergy.ro\/","name":"PPC","description":"Energy","publisher":{"@id":"https:\/\/www.ppcenergy.ro\/#organization"},"potentialAction":[{"@type":"SearchAction","target":{"@type":"EntryPoint","urlTemplate":"https:\/\/www.ppcenergy.ro\/?s={search_term_string}"},"query-input":{"@type":"PropertyValueSpecification","valueRequired":true,"valueName":"search_term_string"}}],"inLanguage":"hu"},{"@type":"Organization","@id":"https:\/\/www.ppcenergy.ro\/#organization","name":"PPC","url":"https:\/\/www.ppcenergy.ro\/","logo":{"@type":"ImageObject","inLanguage":"hu","@id":"https:\/\/www.ppcenergy.ro\/#\/schema\/logo\/image\/","url":"https:\/\/www.ppcenergy.ro\/wp-content\/uploads\/cropped-favicon.webp","contentUrl":"https:\/\/www.ppcenergy.ro\/wp-content\/uploads\/cropped-favicon.webp","width":512,"height":512,"caption":"PPC"},"image":{"@id":"https:\/\/www.ppcenergy.ro\/#\/schema\/logo\/image\/"},"sameAs":["https:\/\/www.facebook.com\/ppcenergy","https:\/\/x.com\/PPCEnergyRo","https:\/\/www.instagram.com\/ppcenergyro\/","https:\/\/www.youtube.com\/@PPCEnergy","https:\/\/www.linkedin.com\/company\/ppc-energy\/"]}]}},"parsely":{"version":"1.1.0","canonical_url":"https:\/\/ppcenergy.ro\/hu\/ppcrenewables\/megujulo-energiaforrasok\/","smart_links":{"inbound":0,"outbound":0},"traffic_boost_suggestions_count":0,"meta":{"@context":"https:\/\/schema.org","@type":"WebPage","headline":"Meg\u00fajul\u00f3 energiaforr\u00e1sok","url":"https:\/\/www.ppcenergy.ro\/hu\/ppcrenewables\/megujulo-energiaforrasok\/","mainEntityOfPage":{"@type":"WebPage","@id":"https:\/\/www.ppcenergy.ro\/hu\/ppcrenewables\/megujulo-energiaforrasok\/"},"thumbnailUrl":"https:\/\/www.ppcenergy.ro\/wp-content\/uploads\/surse-energie-regenerabila-1.webp?w=150&h=150&crop=1","image":{"@type":"ImageObject","url":"https:\/\/www.ppcenergy.ro\/wp-content\/uploads\/surse-energie-regenerabila-1.webp"},"articleSection":"Uncategorized @hu","author":[{"@type":"Person","name":"Madalina-Elena Dragan"}],"creator":["Madalina-Elena Dragan"],"publisher":{"@type":"Organization","name":"PPC","logo":""},"keywords":[],"dateCreated":"2024-03-18T14:57:34Z","datePublished":"2024-03-18T14:57:34Z","dateModified":"2025-06-02T10:00:34Z"},"rendered":"<meta name=\"parsely-title\" content=\"Meg\u00fajul\u00f3 energiaforr\u00e1sok\" \/>\n<meta name=\"parsely-link\" content=\"https:\/\/www.ppcenergy.ro\/hu\/ppcrenewables\/megujulo-energiaforrasok\/\" \/>\n<meta name=\"parsely-type\" content=\"index\" \/>\n<meta name=\"parsely-image-url\" content=\"https:\/\/www.ppcenergy.ro\/wp-content\/uploads\/surse-energie-regenerabila-1.webp?w=150&amp;h=150&amp;crop=1\" \/>\n<meta name=\"parsely-pub-date\" content=\"2024-03-18T14:57:34Z\" \/>\n<meta name=\"parsely-section\" content=\"Uncategorized @hu\" \/>\n<meta name=\"parsely-author\" content=\"Madalina-Elena Dragan\" \/>","tracker_url":"https:\/\/cdn.parsely.com\/keys\/ppcenergy.ro\/p.js"},"_links":{"self":[{"href":"https:\/\/www.ppcenergy.ro\/hu\/wp-json\/wp\/v2\/pages\/17935","targetHints":{"allow":["GET"]}}],"collection":[{"href":"https:\/\/www.ppcenergy.ro\/hu\/wp-json\/wp\/v2\/pages"}],"about":[{"href":"https:\/\/www.ppcenergy.ro\/hu\/wp-json\/wp\/v2\/types\/page"}],"author":[{"embeddable":true,"href":"https:\/\/www.ppcenergy.ro\/hu\/wp-json\/wp\/v2\/users\/48"}],"replies":[{"embeddable":true,"href":"https:\/\/www.ppcenergy.ro\/hu\/wp-json\/wp\/v2\/comments?post=17935"}],"version-history":[{"count":2,"href":"https:\/\/www.ppcenergy.ro\/hu\/wp-json\/wp\/v2\/pages\/17935\/revisions"}],"predecessor-version":[{"id":18065,"href":"https:\/\/www.ppcenergy.ro\/hu\/wp-json\/wp\/v2\/pages\/17935\/revisions\/18065"}],"up":[{"embeddable":true,"href":"https:\/\/www.ppcenergy.ro\/hu\/wp-json\/wp\/v2\/pages\/17917"}],"wp:featuredmedia":[{"embeddable":true,"href":"https:\/\/www.ppcenergy.ro\/hu\/wp-json\/wp\/v2\/media\/17937"}],"wp:attachment":[{"href":"https:\/\/www.ppcenergy.ro\/hu\/wp-json\/wp\/v2\/media?parent=17935"}],"curies":[{"name":"wp","href":"https:\/\/api.w.org\/{rel}","templated":true}]}}